{"id":541,"date":"2024-12-09T19:59:58","date_gmt":"2024-12-09T18:59:58","guid":{"rendered":"https:\/\/emerginglinguists.org\/?page_id=541"},"modified":"2025-03-20T18:21:56","modified_gmt":"2025-03-20T17:21:56","slug":"aktuelles","status":"publish","type":"page","link":"https:\/\/emerginglinguists.org\/en\/aktuelles\/","title":{"rendered":"News"},"content":{"rendered":"<p class=\"wp-block-paragraph\">Auf dieser Seite entsteht eine Sammlung von Nachrichten, Informationen, Tutorials, How-Tos sowie Geschichten, die dir beim Studium, nach dem Studium, bei der Berufswahl oder im Leben allgemein helfen k\u00f6nnen. Zudem findest du hier auch die aktuellsten Informationen aus unserem Verein.<\/p>\n\n\n\n<div class=\"wp-block-group alignfull has-global-padding is-layout-constrained wp-container-core-group-is-layout-40f1616c wp-block-group-is-layout-constrained\" style=\"margin-top:0;margin-bottom:0;padding-top:var(--wp--preset--spacing--xx-large);padding-right:var(--wp--preset--spacing--x-small);padding-bottom:var(--wp--preset--spacing--xx-large);padding-left:var(--wp--preset--spacing--x-small)\">\n<div class=\"wp-block-columns is-layout-flex wp-container-core-columns-is-layout-d67824c5 wp-block-columns-is-layout-flex\" style=\"margin-bottom:var(--wp--preset--spacing--large)\">\n<div class=\"wp-block-column is-layout-flow wp-container-core-column-is-layout-a37e3c27 wp-block-column-is-layout-flow\" style=\"flex-basis:55%\">\n<h3 class=\"wp-block-heading\" style=\"font-style:normal;font-weight:700;line-height:1.1\">News von Emerging Linguists<\/h3>\n<\/div>\n\n\n\n<div class=\"wp-block-column is-layout-flow wp-block-column-is-layout-flow\" style=\"flex-basis:25%\"><\/div>\n\n\n\n<div class=\"wp-block-column is-vertically-aligned-center is-layout-flow wp-block-column-is-layout-flow\" style=\"flex-basis:20%\"><\/div>\n<\/div>\n\n\n\n<div class=\"wp-block-query is-layout-flow wp-block-query-is-layout-flow\"><ul class=\"columns-3 wp-block-post-template is-layout-grid wp-container-core-post-template-is-layout-7e943fe3 wp-block-post-template-is-layout-grid\"><li class=\"wp-block-post post-1029 post type-post status-publish format-standard has-post-thumbnail hentry category-allgemein tag-call-for-papers tag-linguistiktagung tag-oelt tag-salzburg\">\n\n<div class=\"wp-block-group is-style-bk-box-shadow is-style-sb-box-shadow-medium is-vertical is-layout-flex wp-container-core-group-is-layout-4f529733 wp-block-group-is-layout-flex\" style=\"border-radius:12px;padding-top:0;padding-right:0;padding-bottom:var(--wp--preset--spacing--medium);padding-left:0\"><figure class=\"wp-block-post-featured-image\"><a href=\"https:\/\/emerginglinguists.org\/en\/oelt-call-for-papers-50\/\" target=\"_self\" ><img loading=\"lazy\" decoding=\"async\" width=\"1448\" height=\"1086\" src=\"https:\/\/emerginglinguists.org\/wp-content\/uploads\/2026\/08\/Emerging_Linguists-Oesterreichische_Linguistiktagung-Salzburg.png\" class=\"attachment-post-thumbnail size-post-thumbnail wp-post-image\" alt=\"Call for Abstracts: 50. \u00d6LT\" style=\"border-top-left-radius:12px;border-top-right-radius:12px;border-bottom-left-radius:0px;border-bottom-right-radius:0px;object-fit:cover;\" srcset=\"https:\/\/emerginglinguists.org\/wp-content\/uploads\/2026\/08\/Emerging_Linguists-Oesterreichische_Linguistiktagung-Salzburg.png 1448w, https:\/\/emerginglinguists.org\/wp-content\/uploads\/2026\/08\/Emerging_Linguists-Oesterreichische_Linguistiktagung-Salzburg-300x225.png 300w, https:\/\/emerginglinguists.org\/wp-content\/uploads\/2026\/08\/Emerging_Linguists-Oesterreichische_Linguistiktagung-Salzburg-1024x768.png 1024w, https:\/\/emerginglinguists.org\/wp-content\/uploads\/2026\/08\/Emerging_Linguists-Oesterreichische_Linguistiktagung-Salzburg-768x576.png 768w, https:\/\/emerginglinguists.org\/wp-content\/uploads\/2026\/08\/Emerging_Linguists-Oesterreichische_Linguistiktagung-Salzburg-16x12.png 16w\" sizes=\"auto, (max-width: 1448px) 100vw, 1448px\" \/><\/a><\/figure>\n\n\n<div class=\"wp-block-group has-global-padding is-content-justification-left is-layout-constrained wp-container-core-group-is-layout-c36899e4 wp-block-group-is-layout-constrained\" style=\"margin-top:0;margin-bottom:0;padding-top:var(--wp--preset--spacing--x-small);padding-right:var(--wp--preset--spacing--medium);padding-left:var(--wp--preset--spacing--medium)\"><h5 style=\"font-style:normal;font-weight:700;line-height:1.2\" class=\"wp-block-post-title\"><a href=\"https:\/\/emerginglinguists.org\/en\/oelt-call-for-papers-50\/\" target=\"_self\" >Call for Abstracts: 50. \u00d6LT<\/a><\/h5>\n\n<div class=\"link-no-underline wp-block-post-excerpt has-small-font-size\"><p class=\"wp-block-post-excerpt__excerpt\">Die 50. \u00d6sterreichische Linguistiktagung findet vom 20.11-21.11.2026 in Salzburg statt. Wir laden euch zu unserem Workshop ein. <\/p><\/div>\n\n<a style=\"font-style:normal;font-weight:500\" class=\"wp-elements-1 wp-block-read-more has-text-color has-secondary-color has-small-font-size has-body-font-family\" href=\"https:\/\/emerginglinguists.org\/en\/oelt-call-for-papers-50\/\" target=\"_self\">Read more<span class=\"screen-reader-text\">: Call for Abstracts: 50. \u00d6LT<\/span><\/a><\/div>\n<\/div>\n\n<\/li><li class=\"wp-block-post post-1010 post type-post status-publish format-standard has-post-thumbnail hentry category-allgemein\">\n\n<div class=\"wp-block-group is-style-bk-box-shadow is-style-sb-box-shadow-medium is-vertical is-layout-flex wp-container-core-group-is-layout-4f529733 wp-block-group-is-layout-flex\" style=\"border-radius:12px;padding-top:0;padding-right:0;padding-bottom:var(--wp--preset--spacing--medium);padding-left:0\"><figure class=\"wp-block-post-featured-image\"><a href=\"https:\/\/emerginglinguists.org\/en\/updates-aus-dem-verein\/\" target=\"_self\" ><img loading=\"lazy\" decoding=\"async\" width=\"1600\" height=\"1066\" src=\"https:\/\/emerginglinguists.org\/wp-content\/uploads\/2026\/05\/WhatsApp-Image-2026-05-09-at-12.28.50.jpeg\" class=\"attachment-post-thumbnail size-post-thumbnail wp-post-image\" alt=\"Updates aus dem Verein\" style=\"border-top-left-radius:12px;border-top-right-radius:12px;border-bottom-left-radius:0px;border-bottom-right-radius:0px;object-fit:cover;\" srcset=\"https:\/\/emerginglinguists.org\/wp-content\/uploads\/2026\/05\/WhatsApp-Image-2026-05-09-at-12.28.50.jpeg 1600w, https:\/\/emerginglinguists.org\/wp-content\/uploads\/2026\/05\/WhatsApp-Image-2026-05-09-at-12.28.50-300x200.jpeg 300w, https:\/\/emerginglinguists.org\/wp-content\/uploads\/2026\/05\/WhatsApp-Image-2026-05-09-at-12.28.50-1024x682.jpeg 1024w, https:\/\/emerginglinguists.org\/wp-content\/uploads\/2026\/05\/WhatsApp-Image-2026-05-09-at-12.28.50-768x512.jpeg 768w, https:\/\/emerginglinguists.org\/wp-content\/uploads\/2026\/05\/WhatsApp-Image-2026-05-09-at-12.28.50-1536x1023.jpeg 1536w, https:\/\/emerginglinguists.org\/wp-content\/uploads\/2026\/05\/WhatsApp-Image-2026-05-09-at-12.28.50-18x12.jpeg 18w\" sizes=\"auto, (max-width: 1600px) 100vw, 1600px\" \/><\/a><\/figure>\n\n\n<div class=\"wp-block-group has-global-padding is-content-justification-left is-layout-constrained wp-container-core-group-is-layout-c36899e4 wp-block-group-is-layout-constrained\" style=\"margin-top:0;margin-bottom:0;padding-top:var(--wp--preset--spacing--x-small);padding-right:var(--wp--preset--spacing--medium);padding-left:var(--wp--preset--spacing--medium)\"><h5 style=\"font-style:normal;font-weight:700;line-height:1.2\" class=\"wp-block-post-title\"><a href=\"https:\/\/emerginglinguists.org\/en\/updates-aus-dem-verein\/\" target=\"_self\" >Updates aus dem Verein<\/a><\/h5>\n\n<div class=\"link-no-underline wp-block-post-excerpt has-small-font-size\"><p class=\"wp-block-post-excerpt__excerpt\">Ren\u00e9 informiert in diesem Beitrag \u00fcber unterschiedliche Updates aus dem Verein. Bild: \u00a9 Markus Korenjak <\/p><\/div>\n\n<a style=\"font-style:normal;font-weight:500\" class=\"wp-elements-2 wp-block-read-more has-text-color has-secondary-color has-small-font-size has-body-font-family\" href=\"https:\/\/emerginglinguists.org\/en\/updates-aus-dem-verein\/\" target=\"_self\">Read more<span class=\"screen-reader-text\">: Updates aus dem Verein<\/span><\/a><\/div>\n<\/div>\n\n<\/li><li class=\"wp-block-post post-977 post type-post status-publish format-standard has-post-thumbnail hentry category-allgemein\">\n\n<div class=\"wp-block-group is-style-bk-box-shadow is-style-sb-box-shadow-medium is-vertical is-layout-flex wp-container-core-group-is-layout-4f529733 wp-block-group-is-layout-flex\" style=\"border-radius:12px;padding-top:0;padding-right:0;padding-bottom:var(--wp--preset--spacing--medium);padding-left:0\"><figure class=\"wp-block-post-featured-image\"><a href=\"https:\/\/emerginglinguists.org\/en\/literaturarbeit-mit-notebooklm\/\" target=\"_self\" ><img loading=\"lazy\" decoding=\"async\" width=\"2560\" height=\"1396\" src=\"https:\/\/emerginglinguists.org\/wp-content\/uploads\/2026\/02\/Literaturrecherche_mit_KI_und_NotebookLM-scaled.png\" class=\"attachment-post-thumbnail size-post-thumbnail wp-post-image\" alt=\"Literaturarbeit mit NotebookLM\" style=\"border-top-left-radius:12px;border-top-right-radius:12px;border-bottom-left-radius:0px;border-bottom-right-radius:0px;object-fit:cover;\" srcset=\"https:\/\/emerginglinguists.org\/wp-content\/uploads\/2026\/02\/Literaturrecherche_mit_KI_und_NotebookLM-scaled.png 2560w, https:\/\/emerginglinguists.org\/wp-content\/uploads\/2026\/02\/Literaturrecherche_mit_KI_und_NotebookLM-300x164.png 300w, https:\/\/emerginglinguists.org\/wp-content\/uploads\/2026\/02\/Literaturrecherche_mit_KI_und_NotebookLM-1024x559.png 1024w, https:\/\/emerginglinguists.org\/wp-content\/uploads\/2026\/02\/Literaturrecherche_mit_KI_und_NotebookLM-768x419.png 768w, https:\/\/emerginglinguists.org\/wp-content\/uploads\/2026\/02\/Literaturrecherche_mit_KI_und_NotebookLM-1536x838.png 1536w, https:\/\/emerginglinguists.org\/wp-content\/uploads\/2026\/02\/Literaturrecherche_mit_KI_und_NotebookLM-2048x1117.png 2048w, https:\/\/emerginglinguists.org\/wp-content\/uploads\/2026\/02\/Literaturrecherche_mit_KI_und_NotebookLM-18x10.png 18w\" sizes=\"auto, (max-width: 2560px) 100vw, 2560px\" \/><\/a><\/figure>\n\n\n<div class=\"wp-block-group has-global-padding is-content-justification-left is-layout-constrained wp-container-core-group-is-layout-c36899e4 wp-block-group-is-layout-constrained\" style=\"margin-top:0;margin-bottom:0;padding-top:var(--wp--preset--spacing--x-small);padding-right:var(--wp--preset--spacing--medium);padding-left:var(--wp--preset--spacing--medium)\"><h5 style=\"font-style:normal;font-weight:700;line-height:1.2\" class=\"wp-block-post-title\"><a href=\"https:\/\/emerginglinguists.org\/en\/literaturarbeit-mit-notebooklm\/\" target=\"_self\" >Literaturarbeit mit NotebookLM<\/a><\/h5>\n\n<div class=\"link-no-underline wp-block-post-excerpt has-small-font-size\"><p class=\"wp-block-post-excerpt__excerpt\">Vom Zotero-Chaos zur Struktur: So nutzt du Google NotebookLM f\u00fcr deine wissenschaftliche Arbeit. Ren\u00e9 Foidl beschreibt, wie er dabei vorgeht. <\/p><\/div>\n\n<a style=\"font-style:normal;font-weight:500\" class=\"wp-elements-3 wp-block-read-more has-text-color has-secondary-color has-small-font-size has-body-font-family\" href=\"https:\/\/emerginglinguists.org\/en\/literaturarbeit-mit-notebooklm\/\" target=\"_self\">Read more<span class=\"screen-reader-text\">: Literaturarbeit mit NotebookLM<\/span><\/a><\/div>\n<\/div>\n\n<\/li><li class=\"wp-block-post post-964 post type-post status-publish format-standard has-post-thumbnail hentry category-allgemein\">\n\n<div class=\"wp-block-group is-style-bk-box-shadow is-style-sb-box-shadow-medium is-vertical is-layout-flex wp-container-core-group-is-layout-4f529733 wp-block-group-is-layout-flex\" style=\"border-radius:12px;padding-top:0;padding-right:0;padding-bottom:var(--wp--preset--spacing--medium);padding-left:0\"><figure class=\"wp-block-post-featured-image\"><a href=\"https:\/\/emerginglinguists.org\/en\/reflecting-on-2025-welcomes-goodbyes-and-novelties\/\" target=\"_self\" ><img loading=\"lazy\" decoding=\"async\" width=\"922\" height=\"672\" src=\"https:\/\/emerginglinguists.org\/wp-content\/uploads\/2026\/01\/Unbenannt-3.png\" class=\"attachment-post-thumbnail size-post-thumbnail wp-post-image\" alt=\"Reflecting on 2025: Welcomes, Goodbyes, and Novelties\" style=\"border-top-left-radius:12px;border-top-right-radius:12px;border-bottom-left-radius:0px;border-bottom-right-radius:0px;object-fit:cover;\" srcset=\"https:\/\/emerginglinguists.org\/wp-content\/uploads\/2026\/01\/Unbenannt-3.png 922w, https:\/\/emerginglinguists.org\/wp-content\/uploads\/2026\/01\/Unbenannt-3-300x219.png 300w, https:\/\/emerginglinguists.org\/wp-content\/uploads\/2026\/01\/Unbenannt-3-768x560.png 768w, https:\/\/emerginglinguists.org\/wp-content\/uploads\/2026\/01\/Unbenannt-3-16x12.png 16w\" sizes=\"auto, (max-width: 922px) 100vw, 922px\" \/><\/a><\/figure>\n\n\n<div class=\"wp-block-group has-global-padding is-content-justification-left is-layout-constrained wp-container-core-group-is-layout-c36899e4 wp-block-group-is-layout-constrained\" style=\"margin-top:0;margin-bottom:0;padding-top:var(--wp--preset--spacing--x-small);padding-right:var(--wp--preset--spacing--medium);padding-left:var(--wp--preset--spacing--medium)\"><h5 style=\"font-style:normal;font-weight:700;line-height:1.2\" class=\"wp-block-post-title\"><a href=\"https:\/\/emerginglinguists.org\/en\/reflecting-on-2025-welcomes-goodbyes-and-novelties\/\" target=\"_self\" >Reflecting on 2025: Welcomes, Goodbyes, and Novelties<\/a><\/h5>\n\n<div class=\"link-no-underline wp-block-post-excerpt has-small-font-size\"><p class=\"wp-block-post-excerpt__excerpt\">2026 is barely two weeks old, and for us as an association, the new year begins with a reflection on everything that happened throughout 2025. <\/p><\/div>\n\n<a style=\"font-style:normal;font-weight:500\" class=\"wp-elements-4 wp-block-read-more has-text-color has-secondary-color has-small-font-size has-body-font-family\" href=\"https:\/\/emerginglinguists.org\/en\/reflecting-on-2025-welcomes-goodbyes-and-novelties\/\" target=\"_self\">Read more<span class=\"screen-reader-text\">: Reflecting on 2025: Welcomes, Goodbyes, and Novelties<\/span><\/a><\/div>\n<\/div>\n\n<\/li><li class=\"wp-block-post post-939 post type-post status-publish format-standard has-post-thumbnail hentry category-allgemein\">\n\n<div class=\"wp-block-group is-style-bk-box-shadow is-style-sb-box-shadow-medium is-vertical is-layout-flex wp-container-core-group-is-layout-4f529733 wp-block-group-is-layout-flex\" style=\"border-radius:12px;padding-top:0;padding-right:0;padding-bottom:var(--wp--preset--spacing--medium);padding-left:0\"><figure class=\"wp-block-post-featured-image\"><a href=\"https:\/\/emerginglinguists.org\/en\/vom-hoersaal-ins-orga-chaos\/\" target=\"_self\" ><img loading=\"lazy\" decoding=\"async\" width=\"1300\" height=\"1048\" src=\"https:\/\/emerginglinguists.org\/wp-content\/uploads\/2025\/12\/universitaet-klagenfurt.jpeg\" class=\"attachment-post-thumbnail size-post-thumbnail wp-post-image\" alt=\"Vom H\u00f6rsaal ins Orga-Chaos\" style=\"border-top-left-radius:12px;border-top-right-radius:12px;border-bottom-left-radius:0px;border-bottom-right-radius:0px;object-fit:cover;\" srcset=\"https:\/\/emerginglinguists.org\/wp-content\/uploads\/2025\/12\/universitaet-klagenfurt.jpeg 1300w, https:\/\/emerginglinguists.org\/wp-content\/uploads\/2025\/12\/universitaet-klagenfurt-300x242.jpeg 300w, https:\/\/emerginglinguists.org\/wp-content\/uploads\/2025\/12\/universitaet-klagenfurt-1024x826.jpeg 1024w, https:\/\/emerginglinguists.org\/wp-content\/uploads\/2025\/12\/universitaet-klagenfurt-768x619.jpeg 768w, https:\/\/emerginglinguists.org\/wp-content\/uploads\/2025\/12\/universitaet-klagenfurt-15x12.jpeg 15w\" sizes=\"auto, (max-width: 1300px) 100vw, 1300px\" \/><\/a><\/figure>\n\n\n<div class=\"wp-block-group has-global-padding is-content-justification-left is-layout-constrained wp-container-core-group-is-layout-c36899e4 wp-block-group-is-layout-constrained\" style=\"margin-top:0;margin-bottom:0;padding-top:var(--wp--preset--spacing--x-small);padding-right:var(--wp--preset--spacing--medium);padding-left:var(--wp--preset--spacing--medium)\"><h5 style=\"font-style:normal;font-weight:700;line-height:1.2\" class=\"wp-block-post-title\"><a href=\"https:\/\/emerginglinguists.org\/en\/vom-hoersaal-ins-orga-chaos\/\" target=\"_self\" >Vom H\u00f6rsaal ins Orga-Chaos<\/a><\/h5>\n\n<div class=\"link-no-underline wp-block-post-excerpt has-small-font-size\"><p class=\"wp-block-post-excerpt__excerpt\">Der Beitrag gibt Einblick in die aktive Beteiligung von Studierenden an der 49. \u00d6sterreichischen Linguistiktagung an der Universit\u00e4t Klagenfurt. Ein Erfahrungsbericht \u00fcber Teamarbeit, Mut, Austausch und den Schritt auf die akademische B\u00fchne. <\/p><\/div>\n\n<a style=\"font-style:normal;font-weight:500\" class=\"wp-elements-5 wp-block-read-more has-text-color has-secondary-color has-small-font-size has-body-font-family\" href=\"https:\/\/emerginglinguists.org\/en\/vom-hoersaal-ins-orga-chaos\/\" target=\"_self\">Read more<span class=\"screen-reader-text\">: Vom H\u00f6rsaal ins Orga-Chaos<\/span><\/a><\/div>\n<\/div>\n\n<\/li><li class=\"wp-block-post post-943 post type-post status-publish format-standard has-post-thumbnail hentry category-allgemein\">\n\n<div class=\"wp-block-group is-style-bk-box-shadow is-style-sb-box-shadow-medium is-vertical is-layout-flex wp-container-core-group-is-layout-4f529733 wp-block-group-is-layout-flex\" style=\"border-radius:12px;padding-top:0;padding-right:0;padding-bottom:var(--wp--preset--spacing--medium);padding-left:0\"><figure class=\"wp-block-post-featured-image\"><a href=\"https:\/\/emerginglinguists.org\/en\/what-can-associations-tell-us-about-word-meaning\/\" target=\"_self\" ><img loading=\"lazy\" decoding=\"async\" width=\"2560\" height=\"1920\" src=\"https:\/\/emerginglinguists.org\/wp-content\/uploads\/2025\/12\/G.Orlova_ERUA-research-week-scaled.jpg\" class=\"attachment-post-thumbnail size-post-thumbnail wp-post-image\" alt=\"What can associations tell us about word meaning?\" style=\"border-top-left-radius:12px;border-top-right-radius:12px;border-bottom-left-radius:0px;border-bottom-right-radius:0px;object-fit:cover;\" srcset=\"https:\/\/emerginglinguists.org\/wp-content\/uploads\/2025\/12\/G.Orlova_ERUA-research-week-scaled.jpg 2560w, https:\/\/emerginglinguists.org\/wp-content\/uploads\/2025\/12\/G.Orlova_ERUA-research-week-300x225.jpg 300w, https:\/\/emerginglinguists.org\/wp-content\/uploads\/2025\/12\/G.Orlova_ERUA-research-week-1024x768.jpg 1024w, https:\/\/emerginglinguists.org\/wp-content\/uploads\/2025\/12\/G.Orlova_ERUA-research-week-768x576.jpg 768w, https:\/\/emerginglinguists.org\/wp-content\/uploads\/2025\/12\/G.Orlova_ERUA-research-week-1536x1152.jpg 1536w, https:\/\/emerginglinguists.org\/wp-content\/uploads\/2025\/12\/G.Orlova_ERUA-research-week-2048x1536.jpg 2048w, https:\/\/emerginglinguists.org\/wp-content\/uploads\/2025\/12\/G.Orlova_ERUA-research-week-16x12.jpg 16w\" sizes=\"auto, (max-width: 2560px) 100vw, 2560px\" \/><\/a><\/figure>\n\n\n<div class=\"wp-block-group has-global-padding is-content-justification-left is-layout-constrained wp-container-core-group-is-layout-c36899e4 wp-block-group-is-layout-constrained\" style=\"margin-top:0;margin-bottom:0;padding-top:var(--wp--preset--spacing--x-small);padding-right:var(--wp--preset--spacing--medium);padding-left:var(--wp--preset--spacing--medium)\"><h5 style=\"font-style:normal;font-weight:700;line-height:1.2\" class=\"wp-block-post-title\"><a href=\"https:\/\/emerginglinguists.org\/en\/what-can-associations-tell-us-about-word-meaning\/\" target=\"_self\" >What can associations tell us about word meaning?<\/a><\/h5>\n\n<div class=\"link-no-underline wp-block-post-excerpt has-small-font-size\"><p class=\"wp-block-post-excerpt__excerpt\">Do dictionary definitions match native speakers&#8216; intuition? Discover findings on word meaning and associations from the Emerging Linguists workshop at \u00d6LT 2024. <\/p><\/div>\n\n<a style=\"font-style:normal;font-weight:500\" class=\"wp-elements-6 wp-block-read-more has-text-color has-secondary-color has-small-font-size has-body-font-family\" href=\"https:\/\/emerginglinguists.org\/en\/what-can-associations-tell-us-about-word-meaning\/\" target=\"_self\">Read more<span class=\"screen-reader-text\">: What can associations tell us about word meaning?<\/span><\/a><\/div>\n<\/div>\n\n<\/li><li class=\"wp-block-post post-922 post type-post status-publish format-standard hentry category-allgemein\">\n\n<div class=\"wp-block-group is-style-bk-box-shadow is-style-sb-box-shadow-medium is-vertical is-layout-flex wp-container-core-group-is-layout-4f529733 wp-block-group-is-layout-flex\" style=\"border-radius:12px;padding-top:0;padding-right:0;padding-bottom:var(--wp--preset--spacing--medium);padding-left:0\">\n\n\n<div class=\"wp-block-group has-global-padding is-content-justification-left is-layout-constrained wp-container-core-group-is-layout-c36899e4 wp-block-group-is-layout-constrained\" style=\"margin-top:0;margin-bottom:0;padding-top:var(--wp--preset--spacing--x-small);padding-right:var(--wp--preset--spacing--medium);padding-left:var(--wp--preset--spacing--medium)\"><h5 style=\"font-style:normal;font-weight:700;line-height:1.2\" class=\"wp-block-post-title\"><a href=\"https:\/\/emerginglinguists.org\/en\/emerging-linguists-workshop-49-oesterreichische-linguistiktagung\/\" target=\"_self\" >Emerging Linguists Workshop @ 49. \u00d6sterreichische Linguistiktagung<\/a><\/h5>\n\n<div class=\"link-no-underline wp-block-post-excerpt has-small-font-size\"><p class=\"wp-block-post-excerpt__excerpt\">Auch dieses Jahr sind wir wieder Teil der \u00d6sterreichischen Linguistiktagung und laden euch herzlich zu unserem Emerging Linguists Workshop ein! Wann: 6.\u20137. Dezember 2025Wo: Universit\u00e4t KlagenfurtUnd as usual: Nachwuchsforscher:innen pr\u00e4sentieren ihre aktuellen Projekte Unser Programm spannt einen Bogen von digitaler Forensik und KI-gest\u00fctzten Analysen \u00fcber Dialektforschung, Diskursanalyse, Sprachlandschaften und japanische&hellip; <\/p><\/div>\n\n<a style=\"font-style:normal;font-weight:500\" class=\"wp-elements-7 wp-block-read-more has-text-color has-secondary-color has-small-font-size has-body-font-family\" href=\"https:\/\/emerginglinguists.org\/en\/emerging-linguists-workshop-49-oesterreichische-linguistiktagung\/\" target=\"_self\">Read more<span class=\"screen-reader-text\">: Emerging Linguists Workshop @ 49. \u00d6sterreichische Linguistiktagung<\/span><\/a><\/div>\n<\/div>\n\n<\/li><li class=\"wp-block-post post-917 post type-post status-publish format-standard hentry category-allgemein\">\n\n<div class=\"wp-block-group is-style-bk-box-shadow is-style-sb-box-shadow-medium is-vertical is-layout-flex wp-container-core-group-is-layout-4f529733 wp-block-group-is-layout-flex\" style=\"border-radius:12px;padding-top:0;padding-right:0;padding-bottom:var(--wp--preset--spacing--medium);padding-left:0\">\n\n\n<div class=\"wp-block-group has-global-padding is-content-justification-left is-layout-constrained wp-container-core-group-is-layout-c36899e4 wp-block-group-is-layout-constrained\" style=\"margin-top:0;margin-bottom:0;padding-top:var(--wp--preset--spacing--x-small);padding-right:var(--wp--preset--spacing--medium);padding-left:var(--wp--preset--spacing--medium)\"><h5 style=\"font-style:normal;font-weight:700;line-height:1.2\" class=\"wp-block-post-title\"><a href=\"https:\/\/emerginglinguists.org\/en\/call-for-abstracts-oelt-2025\/\" target=\"_self\" >Call for Abstracts: \u00d6LT 2025<\/a><\/h5>\n\n<div class=\"link-no-underline wp-block-post-excerpt has-small-font-size\"><p class=\"wp-block-post-excerpt__excerpt\">Auch dieses Jahr sind wir mit einem Workshop an der 49. \u00d6sterreichischen Linguistiktagung in Klagenfurt vertreten. Mehr dazu hier im Call. <\/p><\/div>\n\n<a style=\"font-style:normal;font-weight:500\" class=\"wp-elements-8 wp-block-read-more has-text-color has-secondary-color has-small-font-size has-body-font-family\" href=\"https:\/\/emerginglinguists.org\/en\/call-for-abstracts-oelt-2025\/\" target=\"_self\">Read more<span class=\"screen-reader-text\">: Call for Abstracts: \u00d6LT 2025<\/span><\/a><\/div>\n<\/div>\n\n<\/li><li class=\"wp-block-post post-908 post type-post status-publish format-standard has-post-thumbnail hentry category-allgemein\">\n\n<div class=\"wp-block-group is-style-bk-box-shadow is-style-sb-box-shadow-medium is-vertical is-layout-flex wp-container-core-group-is-layout-4f529733 wp-block-group-is-layout-flex\" style=\"border-radius:12px;padding-top:0;padding-right:0;padding-bottom:var(--wp--preset--spacing--medium);padding-left:0\"><figure class=\"wp-block-post-featured-image\"><a href=\"https:\/\/emerginglinguists.org\/en\/ich-bin-deine-partnerin-in-crime-wenn-ki-sprachlich-zum-leben-erwacht\/\" target=\"_self\" ><img loading=\"lazy\" decoding=\"async\" width=\"922\" height=\"672\" src=\"https:\/\/emerginglinguists.org\/wp-content\/uploads\/2025\/06\/AI_und_Animacy_Rene-Foidl.png\" class=\"attachment-post-thumbnail size-post-thumbnail wp-post-image\" alt=\"Ich bin deine Partnerin in Crime: Wenn KI sprachlich zum Leben erwacht\" style=\"border-top-left-radius:12px;border-top-right-radius:12px;border-bottom-left-radius:0px;border-bottom-right-radius:0px;object-fit:cover;\" srcset=\"https:\/\/emerginglinguists.org\/wp-content\/uploads\/2025\/06\/AI_und_Animacy_Rene-Foidl.png 922w, https:\/\/emerginglinguists.org\/wp-content\/uploads\/2025\/06\/AI_und_Animacy_Rene-Foidl-300x219.png 300w, https:\/\/emerginglinguists.org\/wp-content\/uploads\/2025\/06\/AI_und_Animacy_Rene-Foidl-768x560.png 768w, https:\/\/emerginglinguists.org\/wp-content\/uploads\/2025\/06\/AI_und_Animacy_Rene-Foidl-16x12.png 16w\" sizes=\"auto, (max-width: 922px) 100vw, 922px\" \/><\/a><\/figure>\n\n\n<div class=\"wp-block-group has-global-padding is-content-justification-left is-layout-constrained wp-container-core-group-is-layout-c36899e4 wp-block-group-is-layout-constrained\" style=\"margin-top:0;margin-bottom:0;padding-top:var(--wp--preset--spacing--x-small);padding-right:var(--wp--preset--spacing--medium);padding-left:var(--wp--preset--spacing--medium)\"><h5 style=\"font-style:normal;font-weight:700;line-height:1.2\" class=\"wp-block-post-title\"><a href=\"https:\/\/emerginglinguists.org\/en\/ich-bin-deine-partnerin-in-crime-wenn-ki-sprachlich-zum-leben-erwacht\/\" target=\"_self\" >Ich bin deine Partnerin in Crime: Wenn KI sprachlich zum Leben erwacht<\/a><\/h5>\n\n<div class=\"link-no-underline wp-block-post-excerpt has-small-font-size\"><p class=\"wp-block-post-excerpt__excerpt\">Wie sprechen wir \u00fcber KI und wie spricht sie mit uns? Der Blogbeitrag erkundet, wie Sprache k\u00fcnstlicher Intelligenz Belebtheit zuschreibt. <\/p><\/div>\n\n<a style=\"font-style:normal;font-weight:500\" class=\"wp-elements-9 wp-block-read-more has-text-color has-secondary-color has-small-font-size has-body-font-family\" href=\"https:\/\/emerginglinguists.org\/en\/ich-bin-deine-partnerin-in-crime-wenn-ki-sprachlich-zum-leben-erwacht\/\" target=\"_self\">Read more<span class=\"screen-reader-text\">: Ich bin deine Partnerin in Crime: Wenn KI sprachlich zum Leben erwacht<\/span><\/a><\/div>\n<\/div>\n\n<\/li><li class=\"wp-block-post post-902 post type-post status-publish format-standard has-post-thumbnail hentry category-allgemein\">\n\n<div class=\"wp-block-group is-style-bk-box-shadow is-style-sb-box-shadow-medium is-vertical is-layout-flex wp-container-core-group-is-layout-4f529733 wp-block-group-is-layout-flex\" style=\"border-radius:12px;padding-top:0;padding-right:0;padding-bottom:var(--wp--preset--spacing--medium);padding-left:0\"><figure class=\"wp-block-post-featured-image\"><a href=\"https:\/\/emerginglinguists.org\/en\/der-phonetische-und-lexikalische-einfluss-des-dravidischen-auf-das-indoarische-ein-vergleich-von-perspektiven\/\" target=\"_self\" ><img loading=\"lazy\" decoding=\"async\" width=\"922\" height=\"672\" src=\"https:\/\/emerginglinguists.org\/wp-content\/uploads\/2025\/06\/Lorenz-Schuechter_Bild.png\" class=\"attachment-post-thumbnail size-post-thumbnail wp-post-image\" alt=\"Der phonetische und lexikalische Einfluss des Dravidischen auf das Indoarische: Ein Vergleich von Perspektiven\" style=\"border-top-left-radius:12px;border-top-right-radius:12px;border-bottom-left-radius:0px;border-bottom-right-radius:0px;object-fit:cover;\" srcset=\"https:\/\/emerginglinguists.org\/wp-content\/uploads\/2025\/06\/Lorenz-Schuechter_Bild.png 922w, https:\/\/emerginglinguists.org\/wp-content\/uploads\/2025\/06\/Lorenz-Schuechter_Bild-300x219.png 300w, https:\/\/emerginglinguists.org\/wp-content\/uploads\/2025\/06\/Lorenz-Schuechter_Bild-768x560.png 768w, https:\/\/emerginglinguists.org\/wp-content\/uploads\/2025\/06\/Lorenz-Schuechter_Bild-16x12.png 16w\" sizes=\"auto, (max-width: 922px) 100vw, 922px\" \/><\/a><\/figure>\n\n\n<div class=\"wp-block-group has-global-padding is-content-justification-left is-layout-constrained wp-container-core-group-is-layout-c36899e4 wp-block-group-is-layout-constrained\" style=\"margin-top:0;margin-bottom:0;padding-top:var(--wp--preset--spacing--x-small);padding-right:var(--wp--preset--spacing--medium);padding-left:var(--wp--preset--spacing--medium)\"><h5 style=\"font-style:normal;font-weight:700;line-height:1.2\" class=\"wp-block-post-title\"><a href=\"https:\/\/emerginglinguists.org\/en\/der-phonetische-und-lexikalische-einfluss-des-dravidischen-auf-das-indoarische-ein-vergleich-von-perspektiven\/\" target=\"_self\" >Der phonetische und lexikalische Einfluss des Dravidischen auf das Indoarische: Ein Vergleich von Perspektiven<\/a><\/h5>\n\n<div class=\"link-no-underline wp-block-post-excerpt has-small-font-size\"><p class=\"wp-block-post-excerpt__excerpt\">In diesem Aufsatz vergleicht Lorenz Sch\u00fcchter Perspektiven auf den phonetischen und lexikalischen Einfluss des Dravidischen auf das Indoarische. <\/p><\/div>\n\n<a style=\"font-style:normal;font-weight:500\" class=\"wp-elements-10 wp-block-read-more has-text-color has-secondary-color has-small-font-size has-body-font-family\" href=\"https:\/\/emerginglinguists.org\/en\/der-phonetische-und-lexikalische-einfluss-des-dravidischen-auf-das-indoarische-ein-vergleich-von-perspektiven\/\" target=\"_self\">Read more<span class=\"screen-reader-text\">: Der phonetische und lexikalische Einfluss des Dravidischen auf das Indoarische: Ein Vergleich von Perspektiven<\/span><\/a><\/div>\n<\/div>\n\n<\/li><li class=\"wp-block-post post-897 post type-post status-publish format-standard has-post-thumbnail hentry category-allgemein\">\n\n<div class=\"wp-block-group is-style-bk-box-shadow is-style-sb-box-shadow-medium is-vertical is-layout-flex wp-container-core-group-is-layout-4f529733 wp-block-group-is-layout-flex\" style=\"border-radius:12px;padding-top:0;padding-right:0;padding-bottom:var(--wp--preset--spacing--medium);padding-left:0\"><figure class=\"wp-block-post-featured-image\"><a href=\"https:\/\/emerginglinguists.org\/en\/2-sprawien-bald-geht-es-los\/\" target=\"_self\" ><img loading=\"lazy\" decoding=\"async\" width=\"922\" height=\"672\" src=\"https:\/\/emerginglinguists.org\/wp-content\/uploads\/2025\/05\/spraWIEN.png\" class=\"attachment-post-thumbnail size-post-thumbnail wp-post-image\" alt=\"2. spraWIEN: Bald geht es los\" style=\"border-top-left-radius:12px;border-top-right-radius:12px;border-bottom-left-radius:0px;border-bottom-right-radius:0px;object-fit:cover;\" srcset=\"https:\/\/emerginglinguists.org\/wp-content\/uploads\/2025\/05\/spraWIEN.png 922w, https:\/\/emerginglinguists.org\/wp-content\/uploads\/2025\/05\/spraWIEN-300x219.png 300w, https:\/\/emerginglinguists.org\/wp-content\/uploads\/2025\/05\/spraWIEN-768x560.png 768w, https:\/\/emerginglinguists.org\/wp-content\/uploads\/2025\/05\/spraWIEN-16x12.png 16w\" sizes=\"auto, (max-width: 922px) 100vw, 922px\" \/><\/a><\/figure>\n\n\n<div class=\"wp-block-group has-global-padding is-content-justification-left is-layout-constrained wp-container-core-group-is-layout-c36899e4 wp-block-group-is-layout-constrained\" style=\"margin-top:0;margin-bottom:0;padding-top:var(--wp--preset--spacing--x-small);padding-right:var(--wp--preset--spacing--medium);padding-left:var(--wp--preset--spacing--medium)\"><h5 style=\"font-style:normal;font-weight:700;line-height:1.2\" class=\"wp-block-post-title\"><a href=\"https:\/\/emerginglinguists.org\/en\/2-sprawien-bald-geht-es-los\/\" target=\"_self\" >2. spraWIEN: Bald geht es los<\/a><\/h5>\n\n<div class=\"link-no-underline wp-block-post-excerpt has-small-font-size\"><p class=\"wp-block-post-excerpt__excerpt\">Die zweite spraWIEN geht in die finale Planung. Wenn du dabei sein m\u00f6chtest, kannst du dich noch als Teilnehmer:in anmelden. <\/p><\/div>\n\n<a style=\"font-style:normal;font-weight:500\" class=\"wp-elements-11 wp-block-read-more has-text-color has-secondary-color has-small-font-size has-body-font-family\" href=\"https:\/\/emerginglinguists.org\/en\/2-sprawien-bald-geht-es-los\/\" target=\"_self\">Read more<span class=\"screen-reader-text\">: 2. spraWIEN: Bald geht es los<\/span><\/a><\/div>\n<\/div>\n\n<\/li><li class=\"wp-block-post post-870 post type-post status-publish format-standard has-post-thumbnail hentry category-allgemein\">\n\n<div class=\"wp-block-group is-style-bk-box-shadow is-style-sb-box-shadow-medium is-vertical is-layout-flex wp-container-core-group-is-layout-4f529733 wp-block-group-is-layout-flex\" style=\"border-radius:12px;padding-top:0;padding-right:0;padding-bottom:var(--wp--preset--spacing--medium);padding-left:0\"><figure class=\"wp-block-post-featured-image\"><a href=\"https:\/\/emerginglinguists.org\/en\/viktor-martinovic-und-was-macht-man-mal-damit\/\" target=\"_self\" ><img loading=\"lazy\" decoding=\"async\" width=\"922\" height=\"672\" src=\"https:\/\/emerginglinguists.org\/wp-content\/uploads\/2025\/04\/Was-macht-man-damit_Viktor.jpg\" class=\"attachment-post-thumbnail size-post-thumbnail wp-post-image\" alt=\"Viktor Martinovi\u0107: Und was macht man mal damit?\" style=\"border-top-left-radius:12px;border-top-right-radius:12px;border-bottom-left-radius:0px;border-bottom-right-radius:0px;object-fit:cover;\" srcset=\"https:\/\/emerginglinguists.org\/wp-content\/uploads\/2025\/04\/Was-macht-man-damit_Viktor.jpg 922w, https:\/\/emerginglinguists.org\/wp-content\/uploads\/2025\/04\/Was-macht-man-damit_Viktor-300x219.jpg 300w, https:\/\/emerginglinguists.org\/wp-content\/uploads\/2025\/04\/Was-macht-man-damit_Viktor-768x560.jpg 768w, https:\/\/emerginglinguists.org\/wp-content\/uploads\/2025\/04\/Was-macht-man-damit_Viktor-16x12.jpg 16w\" sizes=\"auto, (max-width: 922px) 100vw, 922px\" \/><\/a><\/figure>\n\n\n<div class=\"wp-block-group has-global-padding is-content-justification-left is-layout-constrained wp-container-core-group-is-layout-c36899e4 wp-block-group-is-layout-constrained\" style=\"margin-top:0;margin-bottom:0;padding-top:var(--wp--preset--spacing--x-small);padding-right:var(--wp--preset--spacing--medium);padding-left:var(--wp--preset--spacing--medium)\"><h5 style=\"font-style:normal;font-weight:700;line-height:1.2\" class=\"wp-block-post-title\"><a href=\"https:\/\/emerginglinguists.org\/en\/viktor-martinovic-und-was-macht-man-mal-damit\/\" target=\"_self\" >Viktor Martinovi\u0107: Und was macht man mal damit?<\/a><\/h5>\n\n<div class=\"link-no-underline wp-block-post-excerpt has-small-font-size\"><p class=\"wp-block-post-excerpt__excerpt\">Viktor hat ein sprachwissenschaftliches Studium hinter sich und ist heute Software-Developer. In diesem Beitrag erz\u00e4hlt er, was man mit einem Linguistikstudium sp\u00e4ter mal machen kann. <\/p><\/div>\n\n<a style=\"font-style:normal;font-weight:500\" class=\"wp-elements-12 wp-block-read-more has-text-color has-secondary-color has-small-font-size has-body-font-family\" href=\"https:\/\/emerginglinguists.org\/en\/viktor-martinovic-und-was-macht-man-mal-damit\/\" target=\"_self\">Read more<span class=\"screen-reader-text\">: Viktor Martinovi\u0107: Und was macht man mal damit?<\/span><\/a><\/div>\n<\/div>\n\n<\/li><li class=\"wp-block-post post-873 post type-post status-publish format-standard has-post-thumbnail hentry category-allgemein\">\n\n<div class=\"wp-block-group is-style-bk-box-shadow is-style-sb-box-shadow-medium is-vertical is-layout-flex wp-container-core-group-is-layout-4f529733 wp-block-group-is-layout-flex\" style=\"border-radius:12px;padding-top:0;padding-right:0;padding-bottom:var(--wp--preset--spacing--medium);padding-left:0\"><figure class=\"wp-block-post-featured-image\"><a href=\"https:\/\/emerginglinguists.org\/en\/sprachen-lernen-mit-ki-ein-erfahrungsbericht-zwischen-begeisterung-und-begrenzung\/\" target=\"_self\" ><img loading=\"lazy\" decoding=\"async\" width=\"1404\" height=\"1024\" src=\"https:\/\/emerginglinguists.org\/wp-content\/uploads\/2025\/04\/Finnisch-Lernen-mit-KI-1.png\" class=\"attachment-post-thumbnail size-post-thumbnail wp-post-image\" alt=\"Sprachen lernen mit KI? Ein Erfahrungsbericht zwischen Begeisterung und Begrenzung\" style=\"border-top-left-radius:12px;border-top-right-radius:12px;border-bottom-left-radius:0px;border-bottom-right-radius:0px;object-fit:cover;\" srcset=\"https:\/\/emerginglinguists.org\/wp-content\/uploads\/2025\/04\/Finnisch-Lernen-mit-KI-1.png 1404w, https:\/\/emerginglinguists.org\/wp-content\/uploads\/2025\/04\/Finnisch-Lernen-mit-KI-1-300x219.png 300w, https:\/\/emerginglinguists.org\/wp-content\/uploads\/2025\/04\/Finnisch-Lernen-mit-KI-1-1024x747.png 1024w, https:\/\/emerginglinguists.org\/wp-content\/uploads\/2025\/04\/Finnisch-Lernen-mit-KI-1-768x560.png 768w, https:\/\/emerginglinguists.org\/wp-content\/uploads\/2025\/04\/Finnisch-Lernen-mit-KI-1-16x12.png 16w\" sizes=\"auto, (max-width: 1404px) 100vw, 1404px\" \/><\/a><\/figure>\n\n\n<div class=\"wp-block-group has-global-padding is-content-justification-left is-layout-constrained wp-container-core-group-is-layout-c36899e4 wp-block-group-is-layout-constrained\" style=\"margin-top:0;margin-bottom:0;padding-top:var(--wp--preset--spacing--x-small);padding-right:var(--wp--preset--spacing--medium);padding-left:var(--wp--preset--spacing--medium)\"><h5 style=\"font-style:normal;font-weight:700;line-height:1.2\" class=\"wp-block-post-title\"><a href=\"https:\/\/emerginglinguists.org\/en\/sprachen-lernen-mit-ki-ein-erfahrungsbericht-zwischen-begeisterung-und-begrenzung\/\" target=\"_self\" >Sprachen lernen mit KI? Ein Erfahrungsbericht zwischen Begeisterung und Begrenzung<\/a><\/h5>\n\n<div class=\"link-no-underline wp-block-post-excerpt has-small-font-size\"><p class=\"wp-block-post-excerpt__excerpt\">KI bietet theoretisch viele M\u00f6glichkeiten zum Lernen von Sprachen. Wie gut das funktioniert, hat sich Ren\u00e9 angeschaut. <\/p><\/div>\n\n<a style=\"font-style:normal;font-weight:500\" class=\"wp-elements-13 wp-block-read-more has-text-color has-secondary-color has-small-font-size has-body-font-family\" href=\"https:\/\/emerginglinguists.org\/en\/sprachen-lernen-mit-ki-ein-erfahrungsbericht-zwischen-begeisterung-und-begrenzung\/\" target=\"_self\">Read more<span class=\"screen-reader-text\">: Sprachen lernen mit KI? Ein Erfahrungsbericht zwischen Begeisterung und Begrenzung<\/span><\/a><\/div>\n<\/div>\n\n<\/li><li class=\"wp-block-post post-853 post type-post status-publish format-standard has-post-thumbnail hentry category-allgemein\">\n\n<div class=\"wp-block-group is-style-bk-box-shadow is-style-sb-box-shadow-medium is-vertical is-layout-flex wp-container-core-group-is-layout-4f529733 wp-block-group-is-layout-flex\" style=\"border-radius:12px;padding-top:0;padding-right:0;padding-bottom:var(--wp--preset--spacing--medium);padding-left:0\"><figure class=\"wp-block-post-featured-image\"><a href=\"https:\/\/emerginglinguists.org\/en\/erzaehl-mir-deine-lebensgeschichte-von-sprache-macht-und-gespraechen-auf-augenhoehe\/\" target=\"_self\" ><img loading=\"lazy\" decoding=\"async\" width=\"808\" height=\"589\" src=\"https:\/\/emerginglinguists.org\/wp-content\/uploads\/2025\/03\/Martina-Soini_Erzaehl-mir-deine-Lebensgeschichte.jpg\" class=\"attachment-post-thumbnail size-post-thumbnail wp-post-image\" alt=\"\u201eErz\u00e4hl mir deine Lebensgeschichte!\u201c. Von Sprache, Macht und Gespr\u00e4chen auf Augenh\u00f6he.\" style=\"border-top-left-radius:12px;border-top-right-radius:12px;border-bottom-left-radius:0px;border-bottom-right-radius:0px;object-fit:cover;\" srcset=\"https:\/\/emerginglinguists.org\/wp-content\/uploads\/2025\/03\/Martina-Soini_Erzaehl-mir-deine-Lebensgeschichte.jpg 808w, https:\/\/emerginglinguists.org\/wp-content\/uploads\/2025\/03\/Martina-Soini_Erzaehl-mir-deine-Lebensgeschichte-300x219.jpg 300w, https:\/\/emerginglinguists.org\/wp-content\/uploads\/2025\/03\/Martina-Soini_Erzaehl-mir-deine-Lebensgeschichte-768x560.jpg 768w, https:\/\/emerginglinguists.org\/wp-content\/uploads\/2025\/03\/Martina-Soini_Erzaehl-mir-deine-Lebensgeschichte-16x12.jpg 16w\" sizes=\"auto, (max-width: 808px) 100vw, 808px\" \/><\/a><\/figure>\n\n\n<div class=\"wp-block-group has-global-padding is-content-justification-left is-layout-constrained wp-container-core-group-is-layout-c36899e4 wp-block-group-is-layout-constrained\" style=\"margin-top:0;margin-bottom:0;padding-top:var(--wp--preset--spacing--x-small);padding-right:var(--wp--preset--spacing--medium);padding-left:var(--wp--preset--spacing--medium)\"><h5 style=\"font-style:normal;font-weight:700;line-height:1.2\" class=\"wp-block-post-title\"><a href=\"https:\/\/emerginglinguists.org\/en\/erzaehl-mir-deine-lebensgeschichte-von-sprache-macht-und-gespraechen-auf-augenhoehe\/\" target=\"_self\" >\u201eErz\u00e4hl mir deine Lebensgeschichte!\u201c. Von Sprache, Macht und Gespr\u00e4chen auf Augenh\u00f6he.<\/a><\/h5>\n\n<div class=\"link-no-underline wp-block-post-excerpt has-small-font-size\"><p class=\"wp-block-post-excerpt__excerpt\">In diesem Beitrag berichtet Martina Soini \u00fcber ihren, in Kooperation mit dem Projekt Vielsprachiges Ged\u00e4chtnis der Migration realisierten, Beitrag zur 48. \u00d6LT. <\/p><\/div>\n\n<a style=\"font-style:normal;font-weight:500\" class=\"wp-elements-14 wp-block-read-more has-text-color has-secondary-color has-small-font-size has-body-font-family\" href=\"https:\/\/emerginglinguists.org\/en\/erzaehl-mir-deine-lebensgeschichte-von-sprache-macht-und-gespraechen-auf-augenhoehe\/\" target=\"_self\">Read more<span class=\"screen-reader-text\">: \u201eErz\u00e4hl mir deine Lebensgeschichte!\u201c. Von Sprache, Macht und Gespr\u00e4chen auf Augenh\u00f6he.<\/span><\/a><\/div>\n<\/div>\n\n<\/li><li class=\"wp-block-post post-846 post type-post status-publish format-standard has-post-thumbnail hentry category-allgemein\">\n\n<div class=\"wp-block-group is-style-bk-box-shadow is-style-sb-box-shadow-medium is-vertical is-layout-flex wp-container-core-group-is-layout-4f529733 wp-block-group-is-layout-flex\" style=\"border-radius:12px;padding-top:0;padding-right:0;padding-bottom:var(--wp--preset--spacing--medium);padding-left:0\"><figure class=\"wp-block-post-featured-image\"><a href=\"https:\/\/emerginglinguists.org\/en\/der-zettelkasten-persoenliches-wissensmanagement-im-studium\/\" target=\"_self\" ><img loading=\"lazy\" decoding=\"async\" width=\"1190\" height=\"867\" src=\"https:\/\/emerginglinguists.org\/wp-content\/uploads\/2025\/03\/Persoenlicher_Zettelkasten_Wissensmanagement_im_Studium.png\" class=\"attachment-post-thumbnail size-post-thumbnail wp-post-image\" alt=\"Der Zettelkasten &#8211; Pers\u00f6nliches Wissensmanagement im Studium\" style=\"border-top-left-radius:12px;border-top-right-radius:12px;border-bottom-left-radius:0px;border-bottom-right-radius:0px;object-fit:cover;\" srcset=\"https:\/\/emerginglinguists.org\/wp-content\/uploads\/2025\/03\/Persoenlicher_Zettelkasten_Wissensmanagement_im_Studium.png 1190w, https:\/\/emerginglinguists.org\/wp-content\/uploads\/2025\/03\/Persoenlicher_Zettelkasten_Wissensmanagement_im_Studium-300x219.png 300w, https:\/\/emerginglinguists.org\/wp-content\/uploads\/2025\/03\/Persoenlicher_Zettelkasten_Wissensmanagement_im_Studium-1024x746.png 1024w, https:\/\/emerginglinguists.org\/wp-content\/uploads\/2025\/03\/Persoenlicher_Zettelkasten_Wissensmanagement_im_Studium-768x560.png 768w, https:\/\/emerginglinguists.org\/wp-content\/uploads\/2025\/03\/Persoenlicher_Zettelkasten_Wissensmanagement_im_Studium-16x12.png 16w\" sizes=\"auto, (max-width: 1190px) 100vw, 1190px\" \/><\/a><\/figure>\n\n\n<div class=\"wp-block-group has-global-padding is-content-justification-left is-layout-constrained wp-container-core-group-is-layout-c36899e4 wp-block-group-is-layout-constrained\" style=\"margin-top:0;margin-bottom:0;padding-top:var(--wp--preset--spacing--x-small);padding-right:var(--wp--preset--spacing--medium);padding-left:var(--wp--preset--spacing--medium)\"><h5 style=\"font-style:normal;font-weight:700;line-height:1.2\" class=\"wp-block-post-title\"><a href=\"https:\/\/emerginglinguists.org\/en\/der-zettelkasten-persoenliches-wissensmanagement-im-studium\/\" target=\"_self\" >Der Zettelkasten &#8211; Pers\u00f6nliches Wissensmanagement im Studium<\/a><\/h5>\n\n<div class=\"link-no-underline wp-block-post-excerpt has-small-font-size\"><p class=\"wp-block-post-excerpt__excerpt\">Pers\u00f6nliches Wissensmanagement und ein pers\u00f6nlicher Zettelkasten k\u00f6nnen deinen Studienalltag unterst\u00fctzen. Hier erf\u00e4hrst du wie. <\/p><\/div>\n\n<a style=\"font-style:normal;font-weight:500\" class=\"wp-elements-15 wp-block-read-more has-text-color has-secondary-color has-small-font-size has-body-font-family\" href=\"https:\/\/emerginglinguists.org\/en\/der-zettelkasten-persoenliches-wissensmanagement-im-studium\/\" target=\"_self\">Read more<span class=\"screen-reader-text\">: Der Zettelkasten &#8211; Pers\u00f6nliches Wissensmanagement im Studium<\/span><\/a><\/div>\n<\/div>\n\n<\/li><li class=\"wp-block-post post-823 post type-post status-publish format-standard has-post-thumbnail hentry category-allgemein\">\n\n<div class=\"wp-block-group is-style-bk-box-shadow is-style-sb-box-shadow-medium is-vertical is-layout-flex wp-container-core-group-is-layout-4f529733 wp-block-group-is-layout-flex\" style=\"border-radius:12px;padding-top:0;padding-right:0;padding-bottom:var(--wp--preset--spacing--medium);padding-left:0\"><figure class=\"wp-block-post-featured-image\"><a href=\"https:\/\/emerginglinguists.org\/en\/reflecting-on-2024-a-year-in-emerging-linguists\/\" target=\"_self\" ><img loading=\"lazy\" decoding=\"async\" width=\"1033\" height=\"753\" src=\"https:\/\/emerginglinguists.org\/wp-content\/uploads\/2025\/01\/el2024.jpg\" class=\"attachment-post-thumbnail size-post-thumbnail wp-post-image\" alt=\"Reflecting on 2024: A year in Emerging Linguists\" style=\"border-top-left-radius:12px;border-top-right-radius:12px;border-bottom-left-radius:0px;border-bottom-right-radius:0px;object-fit:cover;\" srcset=\"https:\/\/emerginglinguists.org\/wp-content\/uploads\/2025\/01\/el2024.jpg 1033w, https:\/\/emerginglinguists.org\/wp-content\/uploads\/2025\/01\/el2024-300x219.jpg 300w, https:\/\/emerginglinguists.org\/wp-content\/uploads\/2025\/01\/el2024-1024x746.jpg 1024w, https:\/\/emerginglinguists.org\/wp-content\/uploads\/2025\/01\/el2024-768x560.jpg 768w, https:\/\/emerginglinguists.org\/wp-content\/uploads\/2025\/01\/el2024-16x12.jpg 16w\" sizes=\"auto, (max-width: 1033px) 100vw, 1033px\" \/><\/a><\/figure>\n\n\n<div class=\"wp-block-group has-global-padding is-content-justification-left is-layout-constrained wp-container-core-group-is-layout-c36899e4 wp-block-group-is-layout-constrained\" style=\"margin-top:0;margin-bottom:0;padding-top:var(--wp--preset--spacing--x-small);padding-right:var(--wp--preset--spacing--medium);padding-left:var(--wp--preset--spacing--medium)\"><h5 style=\"font-style:normal;font-weight:700;line-height:1.2\" class=\"wp-block-post-title\"><a href=\"https:\/\/emerginglinguists.org\/en\/reflecting-on-2024-a-year-in-emerging-linguists\/\" target=\"_self\" >Reflecting on 2024: A year in Emerging Linguists<\/a><\/h5>\n\n<div class=\"link-no-underline wp-block-post-excerpt has-small-font-size\"><p class=\"wp-block-post-excerpt__excerpt\">For Emerging Linguists, the year 2024 has been a year of growth. Many projects happened for the first time. Dina took her time to recap the year for us. <\/p><\/div>\n\n<a style=\"font-style:normal;font-weight:500\" class=\"wp-elements-16 wp-block-read-more has-text-color has-secondary-color has-small-font-size has-body-font-family\" href=\"https:\/\/emerginglinguists.org\/en\/reflecting-on-2024-a-year-in-emerging-linguists\/\" target=\"_self\">Read more<span class=\"screen-reader-text\">: Reflecting on 2024: A year in Emerging Linguists<\/span><\/a><\/div>\n<\/div>\n\n<\/li><li class=\"wp-block-post post-818 post type-post status-publish format-standard has-post-thumbnail hentry category-allgemein\">\n\n<div class=\"wp-block-group is-style-bk-box-shadow is-style-sb-box-shadow-medium is-vertical is-layout-flex wp-container-core-group-is-layout-4f529733 wp-block-group-is-layout-flex\" style=\"border-radius:12px;padding-top:0;padding-right:0;padding-bottom:var(--wp--preset--spacing--medium);padding-left:0\"><figure class=\"wp-block-post-featured-image\"><a href=\"https:\/\/emerginglinguists.org\/en\/linguistic-differences-in-h-c-andersen-and-grimm-fairy-tales-a-quantitative-corpus-analysis\/\" target=\"_self\" ><img loading=\"lazy\" decoding=\"async\" width=\"858\" height=\"622\" src=\"https:\/\/emerginglinguists.org\/wp-content\/uploads\/2025\/01\/1000052928-e1737920062646.jpg\" class=\"attachment-post-thumbnail size-post-thumbnail wp-post-image\" alt=\"&#8222;Linguistic Differences in H. C. Andersen and Grimm Fairy Tales: A Quantitative Corpus Analysis&#8220;\" style=\"border-top-left-radius:12px;border-top-right-radius:12px;border-bottom-left-radius:0px;border-bottom-right-radius:0px;object-fit:cover;\" srcset=\"https:\/\/emerginglinguists.org\/wp-content\/uploads\/2025\/01\/1000052928-e1737920062646.jpg 858w, https:\/\/emerginglinguists.org\/wp-content\/uploads\/2025\/01\/1000052928-e1737920062646-300x217.jpg 300w, https:\/\/emerginglinguists.org\/wp-content\/uploads\/2025\/01\/1000052928-e1737920062646-768x557.jpg 768w, https:\/\/emerginglinguists.org\/wp-content\/uploads\/2025\/01\/1000052928-e1737920062646-18x12.jpg 18w\" sizes=\"auto, (max-width: 858px) 100vw, 858px\" \/><\/a><\/figure>\n\n\n<div class=\"wp-block-group has-global-padding is-content-justification-left is-layout-constrained wp-container-core-group-is-layout-c36899e4 wp-block-group-is-layout-constrained\" style=\"margin-top:0;margin-bottom:0;padding-top:var(--wp--preset--spacing--x-small);padding-right:var(--wp--preset--spacing--medium);padding-left:var(--wp--preset--spacing--medium)\"><h5 style=\"font-style:normal;font-weight:700;line-height:1.2\" class=\"wp-block-post-title\"><a href=\"https:\/\/emerginglinguists.org\/en\/linguistic-differences-in-h-c-andersen-and-grimm-fairy-tales-a-quantitative-corpus-analysis\/\" target=\"_self\" >&#8222;Linguistic Differences in H. C. Andersen and Grimm Fairy Tales: A Quantitative Corpus Analysis&#8220;<\/a><\/h5>\n\n<div class=\"link-no-underline wp-block-post-excerpt has-small-font-size\"><p class=\"wp-block-post-excerpt__excerpt\">In diesem Beitrag stellen Hannes Essfors, Manuel Meschiari und Stefan Ceska ihren Beitrag von der 48. \u00d6LT vor. <\/p><\/div>\n\n<a style=\"font-style:normal;font-weight:500\" class=\"wp-elements-17 wp-block-read-more has-text-color has-secondary-color has-small-font-size has-body-font-family\" href=\"https:\/\/emerginglinguists.org\/en\/linguistic-differences-in-h-c-andersen-and-grimm-fairy-tales-a-quantitative-corpus-analysis\/\" target=\"_self\">Read more<span class=\"screen-reader-text\">: &#8222;Linguistic Differences in H. C. Andersen and Grimm Fairy Tales: A Quantitative Corpus Analysis&#8220;<\/span><\/a><\/div>\n<\/div>\n\n<\/li><li class=\"wp-block-post post-791 post type-post status-publish format-standard has-post-thumbnail hentry category-undwasmachtmandamit\">\n\n<div class=\"wp-block-group is-style-bk-box-shadow is-style-sb-box-shadow-medium is-vertical is-layout-flex wp-container-core-group-is-layout-4f529733 wp-block-group-is-layout-flex\" style=\"border-radius:12px;padding-top:0;padding-right:0;padding-bottom:var(--wp--preset--spacing--medium);padding-left:0\"><figure class=\"wp-block-post-featured-image\"><a href=\"https:\/\/emerginglinguists.org\/en\/laura-levstock-und-was-macht-man-mal-damit\/\" target=\"_self\" ><img loading=\"lazy\" decoding=\"async\" width=\"1190\" height=\"867\" src=\"https:\/\/emerginglinguists.org\/wp-content\/uploads\/2024\/12\/Laura-Levstock_Blogpost-e1734945447746.jpg\" class=\"attachment-post-thumbnail size-post-thumbnail wp-post-image\" alt=\"Laura Levstock: Und was macht man mal damit?\" style=\"border-top-left-radius:12px;border-top-right-radius:12px;border-bottom-left-radius:0px;border-bottom-right-radius:0px;object-fit:cover;\" srcset=\"https:\/\/emerginglinguists.org\/wp-content\/uploads\/2024\/12\/Laura-Levstock_Blogpost-e1734945447746.jpg 1190w, https:\/\/emerginglinguists.org\/wp-content\/uploads\/2024\/12\/Laura-Levstock_Blogpost-e1734945447746-300x219.jpg 300w, https:\/\/emerginglinguists.org\/wp-content\/uploads\/2024\/12\/Laura-Levstock_Blogpost-e1734945447746-1024x746.jpg 1024w, https:\/\/emerginglinguists.org\/wp-content\/uploads\/2024\/12\/Laura-Levstock_Blogpost-e1734945447746-768x560.jpg 768w, https:\/\/emerginglinguists.org\/wp-content\/uploads\/2024\/12\/Laura-Levstock_Blogpost-e1734945447746-16x12.jpg 16w\" sizes=\"auto, (max-width: 1190px) 100vw, 1190px\" \/><\/a><\/figure>\n\n\n<div class=\"wp-block-group has-global-padding is-content-justification-left is-layout-constrained wp-container-core-group-is-layout-c36899e4 wp-block-group-is-layout-constrained\" style=\"margin-top:0;margin-bottom:0;padding-top:var(--wp--preset--spacing--x-small);padding-right:var(--wp--preset--spacing--medium);padding-left:var(--wp--preset--spacing--medium)\"><h5 style=\"font-style:normal;font-weight:700;line-height:1.2\" class=\"wp-block-post-title\"><a href=\"https:\/\/emerginglinguists.org\/en\/laura-levstock-und-was-macht-man-mal-damit\/\" target=\"_self\" >Laura Levstock: Und was macht man mal damit?<\/a><\/h5>\n\n<div class=\"link-no-underline wp-block-post-excerpt has-small-font-size\"><p class=\"wp-block-post-excerpt__excerpt\">In diesem Beitrag erz\u00e4hlt Laura, was man mit einem Linguistikstudium sp\u00e4ter mal machen kann. <\/p><\/div>\n\n<a style=\"font-style:normal;font-weight:500\" class=\"wp-elements-18 wp-block-read-more has-text-color has-secondary-color has-small-font-size has-body-font-family\" href=\"https:\/\/emerginglinguists.org\/en\/laura-levstock-und-was-macht-man-mal-damit\/\" target=\"_self\">Read more<span class=\"screen-reader-text\">: Laura Levstock: Und was macht man mal damit?<\/span><\/a><\/div>\n<\/div>\n\n<\/li><li class=\"wp-block-post post-795 post type-post status-publish format-standard has-post-thumbnail hentry category-aktivitaeten tag-oelt tag-tagung tag-verbal\">\n\n<div class=\"wp-block-group is-style-bk-box-shadow is-style-sb-box-shadow-medium is-vertical is-layout-flex wp-container-core-group-is-layout-4f529733 wp-block-group-is-layout-flex\" style=\"border-radius:12px;padding-top:0;padding-right:0;padding-bottom:var(--wp--preset--spacing--medium);padding-left:0\"><figure class=\"wp-block-post-featured-image\"><a href=\"https:\/\/emerginglinguists.org\/en\/zwischen-einem-luftschloss-und-worten-die-48-oesterreichische-linguistiktagung\/\" target=\"_self\" ><img loading=\"lazy\" decoding=\"async\" width=\"1536\" height=\"1122\" src=\"https:\/\/emerginglinguists.org\/wp-content\/uploads\/2024\/12\/WhatsApp-Bild-2024-12-20-um-10.42.56_bf9a2ef5-e1735395202679.jpg\" class=\"attachment-post-thumbnail size-post-thumbnail wp-post-image\" alt=\"Zwischen einem Luftschloss und Worten: Die 48. \u00d6sterreichische Linguistiktagung\" style=\"border-top-left-radius:12px;border-top-right-radius:12px;border-bottom-left-radius:0px;border-bottom-right-radius:0px;object-fit:cover;\" srcset=\"https:\/\/emerginglinguists.org\/wp-content\/uploads\/2024\/12\/WhatsApp-Bild-2024-12-20-um-10.42.56_bf9a2ef5-e1735395202679.jpg 1536w, https:\/\/emerginglinguists.org\/wp-content\/uploads\/2024\/12\/WhatsApp-Bild-2024-12-20-um-10.42.56_bf9a2ef5-e1735395202679-300x219.jpg 300w, https:\/\/emerginglinguists.org\/wp-content\/uploads\/2024\/12\/WhatsApp-Bild-2024-12-20-um-10.42.56_bf9a2ef5-e1735395202679-1024x748.jpg 1024w, https:\/\/emerginglinguists.org\/wp-content\/uploads\/2024\/12\/WhatsApp-Bild-2024-12-20-um-10.42.56_bf9a2ef5-e1735395202679-768x561.jpg 768w, https:\/\/emerginglinguists.org\/wp-content\/uploads\/2024\/12\/WhatsApp-Bild-2024-12-20-um-10.42.56_bf9a2ef5-e1735395202679-16x12.jpg 16w\" sizes=\"auto, (max-width: 1536px) 100vw, 1536px\" \/><\/a><\/figure>\n\n\n<div class=\"wp-block-group has-global-padding is-content-justification-left is-layout-constrained wp-container-core-group-is-layout-c36899e4 wp-block-group-is-layout-constrained\" style=\"margin-top:0;margin-bottom:0;padding-top:var(--wp--preset--spacing--x-small);padding-right:var(--wp--preset--spacing--medium);padding-left:var(--wp--preset--spacing--medium)\"><h5 style=\"font-style:normal;font-weight:700;line-height:1.2\" class=\"wp-block-post-title\"><a href=\"https:\/\/emerginglinguists.org\/en\/zwischen-einem-luftschloss-und-worten-die-48-oesterreichische-linguistiktagung\/\" target=\"_self\" >Zwischen einem Luftschloss und Worten: Die 48. \u00d6sterreichische Linguistiktagung<\/a><\/h5>\n\n<div class=\"link-no-underline wp-block-post-excerpt has-small-font-size\"><p class=\"wp-block-post-excerpt__excerpt\">Am 19.12.2024 waren wir gemeinsam mit verbal in Innsbruck auf der \u00d6sterreichischen Linguistiktagung. Eine Reportage von Ren\u00e9. <\/p><\/div>\n\n<a style=\"font-style:normal;font-weight:500\" class=\"wp-elements-19 wp-block-read-more has-text-color has-secondary-color has-small-font-size has-body-font-family\" href=\"https:\/\/emerginglinguists.org\/en\/zwischen-einem-luftschloss-und-worten-die-48-oesterreichische-linguistiktagung\/\" target=\"_self\">Read more<span class=\"screen-reader-text\">: Zwischen einem Luftschloss und Worten: Die 48. \u00d6sterreichische Linguistiktagung<\/span><\/a><\/div>\n<\/div>\n\n<\/li><li class=\"wp-block-post post-766 post type-post status-publish format-standard has-post-thumbnail hentry category-tutorial tag-dissertation-2 tag-generative-ki tag-hochschule tag-masterarbeit tag-themendisposition\">\n\n<div class=\"wp-block-group is-style-bk-box-shadow is-style-sb-box-shadow-medium is-vertical is-layout-flex wp-container-core-group-is-layout-4f529733 wp-block-group-is-layout-flex\" style=\"border-radius:12px;padding-top:0;padding-right:0;padding-bottom:var(--wp--preset--spacing--medium);padding-left:0\"><figure class=\"wp-block-post-featured-image\"><a href=\"https:\/\/emerginglinguists.org\/en\/ki-in-der-hochschule-wie-generative-ki-bei-der-planung-und-ausformulierung-einer-masterarbeit-helfen-kann\/\" target=\"_self\" ><img loading=\"lazy\" decoding=\"async\" width=\"2048\" height=\"1492\" src=\"https:\/\/emerginglinguists.org\/wp-content\/uploads\/2024\/12\/Firefly-Bitte-generier-ein-Bild-zu-dieser-Frage-Wie-Generative-KI-bei-der-Planung-und-Ausformulier-e1734088789806.jpg\" class=\"attachment-post-thumbnail size-post-thumbnail wp-post-image\" alt=\"KI in der Hochschule: Wie Generative KI bei der Planung und Ausformulierung einer Masterarbeit helfen kann\" style=\"border-top-left-radius:12px;border-top-right-radius:12px;border-bottom-left-radius:0px;border-bottom-right-radius:0px;object-fit:cover;\" srcset=\"https:\/\/emerginglinguists.org\/wp-content\/uploads\/2024\/12\/Firefly-Bitte-generier-ein-Bild-zu-dieser-Frage-Wie-Generative-KI-bei-der-Planung-und-Ausformulier-e1734088789806.jpg 2048w, https:\/\/emerginglinguists.org\/wp-content\/uploads\/2024\/12\/Firefly-Bitte-generier-ein-Bild-zu-dieser-Frage-Wie-Generative-KI-bei-der-Planung-und-Ausformulier-e1734088789806-300x219.jpg 300w, https:\/\/emerginglinguists.org\/wp-content\/uploads\/2024\/12\/Firefly-Bitte-generier-ein-Bild-zu-dieser-Frage-Wie-Generative-KI-bei-der-Planung-und-Ausformulier-e1734088789806-1024x746.jpg 1024w, https:\/\/emerginglinguists.org\/wp-content\/uploads\/2024\/12\/Firefly-Bitte-generier-ein-Bild-zu-dieser-Frage-Wie-Generative-KI-bei-der-Planung-und-Ausformulier-e1734088789806-768x560.jpg 768w, https:\/\/emerginglinguists.org\/wp-content\/uploads\/2024\/12\/Firefly-Bitte-generier-ein-Bild-zu-dieser-Frage-Wie-Generative-KI-bei-der-Planung-und-Ausformulier-e1734088789806-1536x1119.jpg 1536w, https:\/\/emerginglinguists.org\/wp-content\/uploads\/2024\/12\/Firefly-Bitte-generier-ein-Bild-zu-dieser-Frage-Wie-Generative-KI-bei-der-Planung-und-Ausformulier-e1734088789806-16x12.jpg 16w\" sizes=\"auto, (max-width: 2048px) 100vw, 2048px\" \/><\/a><\/figure>\n\n\n<div class=\"wp-block-group has-global-padding is-content-justification-left is-layout-constrained wp-container-core-group-is-layout-c36899e4 wp-block-group-is-layout-constrained\" style=\"margin-top:0;margin-bottom:0;padding-top:var(--wp--preset--spacing--x-small);padding-right:var(--wp--preset--spacing--medium);padding-left:var(--wp--preset--spacing--medium)\"><h5 style=\"font-style:normal;font-weight:700;line-height:1.2\" class=\"wp-block-post-title\"><a href=\"https:\/\/emerginglinguists.org\/en\/ki-in-der-hochschule-wie-generative-ki-bei-der-planung-und-ausformulierung-einer-masterarbeit-helfen-kann\/\" target=\"_self\" >KI in der Hochschule: Wie Generative KI bei der Planung und Ausformulierung einer Masterarbeit helfen kann<\/a><\/h5>\n\n<div class=\"link-no-underline wp-block-post-excerpt has-small-font-size\"><p class=\"wp-block-post-excerpt__excerpt\">In diesem Blogpost schauen wir uns an, ob generative KI wie Mistral.ai uns bei der Konzeption von Abschlussarbeiten helfen kann. <\/p><\/div>\n\n<a style=\"font-style:normal;font-weight:500\" class=\"wp-elements-20 wp-block-read-more has-text-color has-secondary-color has-small-font-size has-body-font-family\" href=\"https:\/\/emerginglinguists.org\/en\/ki-in-der-hochschule-wie-generative-ki-bei-der-planung-und-ausformulierung-einer-masterarbeit-helfen-kann\/\" target=\"_self\">Read more<span class=\"screen-reader-text\">: KI in der Hochschule: Wie Generative KI bei der Planung und Ausformulierung einer Masterarbeit helfen kann<\/span><\/a><\/div>\n<\/div>\n\n<\/li><li class=\"wp-block-post post-537 post type-post status-publish format-standard has-post-thumbnail hentry category-aktivitaeten tag-aktivitaeten\">\n\n<div class=\"wp-block-group is-style-bk-box-shadow is-style-sb-box-shadow-medium is-vertical is-layout-flex wp-container-core-group-is-layout-4f529733 wp-block-group-is-layout-flex\" style=\"border-radius:12px;padding-top:0;padding-right:0;padding-bottom:var(--wp--preset--spacing--medium);padding-left:0\"><figure class=\"wp-block-post-featured-image\"><a href=\"https:\/\/emerginglinguists.org\/en\/die-zweite-sprawien-steht-in-den-startloechern\/\" target=\"_self\" ><img loading=\"lazy\" decoding=\"async\" width=\"985\" height=\"746\" src=\"https:\/\/emerginglinguists.org\/wp-content\/uploads\/2024\/12\/1fc2fcbe-0e64-4e55-b2e2-bdf463f81de9-e1733930339362.jpg\" class=\"attachment-post-thumbnail size-post-thumbnail wp-post-image\" alt=\"Die zweite spraWIEN steht in den Startl\u00f6chern\" style=\"border-top-left-radius:12px;border-top-right-radius:12px;border-bottom-left-radius:0px;border-bottom-right-radius:0px;object-fit:cover;\" srcset=\"https:\/\/emerginglinguists.org\/wp-content\/uploads\/2024\/12\/1fc2fcbe-0e64-4e55-b2e2-bdf463f81de9-e1733930339362.jpg 985w, https:\/\/emerginglinguists.org\/wp-content\/uploads\/2024\/12\/1fc2fcbe-0e64-4e55-b2e2-bdf463f81de9-e1733930339362-300x227.jpg 300w, https:\/\/emerginglinguists.org\/wp-content\/uploads\/2024\/12\/1fc2fcbe-0e64-4e55-b2e2-bdf463f81de9-e1733930339362-768x582.jpg 768w, https:\/\/emerginglinguists.org\/wp-content\/uploads\/2024\/12\/1fc2fcbe-0e64-4e55-b2e2-bdf463f81de9-e1733930339362-16x12.jpg 16w\" sizes=\"auto, (max-width: 985px) 100vw, 985px\" \/><\/a><\/figure>\n\n\n<div class=\"wp-block-group has-global-padding is-content-justification-left is-layout-constrained wp-container-core-group-is-layout-c36899e4 wp-block-group-is-layout-constrained\" style=\"margin-top:0;margin-bottom:0;padding-top:var(--wp--preset--spacing--x-small);padding-right:var(--wp--preset--spacing--medium);padding-left:var(--wp--preset--spacing--medium)\"><h5 style=\"font-style:normal;font-weight:700;line-height:1.2\" class=\"wp-block-post-title\"><a href=\"https:\/\/emerginglinguists.org\/en\/die-zweite-sprawien-steht-in-den-startloechern\/\" target=\"_self\" >Die zweite spraWIEN steht in den Startl\u00f6chern<\/a><\/h5>\n\n<div class=\"link-no-underline wp-block-post-excerpt has-small-font-size\"><p class=\"wp-block-post-excerpt__excerpt\">Nach der spraWIEN ist vor der spraWIEN. Die Vorarbeit f\u00fcr die zweite spraWIEN hat begonnen. <\/p><\/div>\n\n<a style=\"font-style:normal;font-weight:500\" class=\"wp-elements-21 wp-block-read-more has-text-color has-secondary-color has-small-font-size has-body-font-family\" href=\"https:\/\/emerginglinguists.org\/en\/die-zweite-sprawien-steht-in-den-startloechern\/\" target=\"_self\">Read more<span class=\"screen-reader-text\">: Die zweite spraWIEN steht in den Startl\u00f6chern<\/span><\/a><\/div>\n<\/div>\n\n<\/li><li class=\"wp-block-post post-539 post type-post status-publish format-standard has-post-thumbnail hentry category-aktivitaeten tag-aktivitaeten\">\n\n<div class=\"wp-block-group is-style-bk-box-shadow is-style-sb-box-shadow-medium is-vertical is-layout-flex wp-container-core-group-is-layout-4f529733 wp-block-group-is-layout-flex\" style=\"border-radius:12px;padding-top:0;padding-right:0;padding-bottom:var(--wp--preset--spacing--medium);padding-left:0\"><figure class=\"wp-block-post-featured-image\"><a href=\"https:\/\/emerginglinguists.org\/en\/information-hub\/\" target=\"_self\" ><img loading=\"lazy\" decoding=\"async\" width=\"2048\" height=\"1485\" src=\"https:\/\/emerginglinguists.org\/wp-content\/uploads\/2024\/12\/Firefly-Generate-a-picture-of-a-linguistic-cientific-information-hub-78661-e1733930257203.jpg\" class=\"attachment-post-thumbnail size-post-thumbnail wp-post-image\" alt=\"Information Hub\" style=\"border-top-left-radius:12px;border-top-right-radius:12px;border-bottom-left-radius:0px;border-bottom-right-radius:0px;object-fit:cover;\" srcset=\"https:\/\/emerginglinguists.org\/wp-content\/uploads\/2024\/12\/Firefly-Generate-a-picture-of-a-linguistic-cientific-information-hub-78661-e1733930257203.jpg 2048w, https:\/\/emerginglinguists.org\/wp-content\/uploads\/2024\/12\/Firefly-Generate-a-picture-of-a-linguistic-cientific-information-hub-78661-e1733930257203-300x218.jpg 300w, https:\/\/emerginglinguists.org\/wp-content\/uploads\/2024\/12\/Firefly-Generate-a-picture-of-a-linguistic-cientific-information-hub-78661-e1733930257203-1024x743.jpg 1024w, https:\/\/emerginglinguists.org\/wp-content\/uploads\/2024\/12\/Firefly-Generate-a-picture-of-a-linguistic-cientific-information-hub-78661-e1733930257203-768x557.jpg 768w, https:\/\/emerginglinguists.org\/wp-content\/uploads\/2024\/12\/Firefly-Generate-a-picture-of-a-linguistic-cientific-information-hub-78661-e1733930257203-1536x1114.jpg 1536w, https:\/\/emerginglinguists.org\/wp-content\/uploads\/2024\/12\/Firefly-Generate-a-picture-of-a-linguistic-cientific-information-hub-78661-e1733930257203-18x12.jpg 18w\" sizes=\"auto, (max-width: 2048px) 100vw, 2048px\" \/><\/a><\/figure>\n\n\n<div class=\"wp-block-group has-global-padding is-content-justification-left is-layout-constrained wp-container-core-group-is-layout-c36899e4 wp-block-group-is-layout-constrained\" style=\"margin-top:0;margin-bottom:0;padding-top:var(--wp--preset--spacing--x-small);padding-right:var(--wp--preset--spacing--medium);padding-left:var(--wp--preset--spacing--medium)\"><h5 style=\"font-style:normal;font-weight:700;line-height:1.2\" class=\"wp-block-post-title\"><a href=\"https:\/\/emerginglinguists.org\/en\/information-hub\/\" target=\"_self\" >Information Hub<\/a><\/h5>\n\n<div class=\"link-no-underline wp-block-post-excerpt has-small-font-size\"><p class=\"wp-block-post-excerpt__excerpt\">Emerging Linguists arbeitet an einem zentralen Informationshub. <\/p><\/div>\n\n<a style=\"font-style:normal;font-weight:500\" class=\"wp-elements-22 wp-block-read-more has-text-color has-secondary-color has-small-font-size has-body-font-family\" href=\"https:\/\/emerginglinguists.org\/en\/information-hub\/\" target=\"_self\">Read more<span class=\"screen-reader-text\">: Information Hub<\/span><\/a><\/div>\n<\/div>\n\n<\/li><li class=\"wp-block-post post-530 post type-post status-publish format-standard has-post-thumbnail hentry category-aktivitaeten tag-aktivitaeten\">\n\n<div class=\"wp-block-group is-style-bk-box-shadow is-style-sb-box-shadow-medium is-vertical is-layout-flex wp-container-core-group-is-layout-4f529733 wp-block-group-is-layout-flex\" style=\"border-radius:12px;padding-top:0;padding-right:0;padding-bottom:var(--wp--preset--spacing--medium);padding-left:0\"><figure class=\"wp-block-post-featured-image\"><a href=\"https:\/\/emerginglinguists.org\/en\/sprawien-wird-mit-dem-urjournal-zur-publikation\/\" target=\"_self\" ><img loading=\"lazy\" decoding=\"async\" width=\"1000\" height=\"728\" src=\"https:\/\/emerginglinguists.org\/wp-content\/uploads\/2024\/12\/URJournal-e1733930230882.png\" class=\"attachment-post-thumbnail size-post-thumbnail wp-post-image\" alt=\"spraWIEN wird mit dem UR:Journal zur Publikation\" style=\"border-top-left-radius:12px;border-top-right-radius:12px;border-bottom-left-radius:0px;border-bottom-right-radius:0px;object-fit:cover;\" \/><\/a><\/figure>\n\n\n<div class=\"wp-block-group has-global-padding is-content-justification-left is-layout-constrained wp-container-core-group-is-layout-c36899e4 wp-block-group-is-layout-constrained\" style=\"margin-top:0;margin-bottom:0;padding-top:var(--wp--preset--spacing--x-small);padding-right:var(--wp--preset--spacing--medium);padding-left:var(--wp--preset--spacing--medium)\"><h5 style=\"font-style:normal;font-weight:700;line-height:1.2\" class=\"wp-block-post-title\"><a href=\"https:\/\/emerginglinguists.org\/en\/sprawien-wird-mit-dem-urjournal-zur-publikation\/\" target=\"_self\" >spraWIEN wird mit dem UR:Journal zur Publikation<\/a><\/h5>\n\n<div class=\"link-no-underline wp-block-post-excerpt has-small-font-size\"><p class=\"wp-block-post-excerpt__excerpt\">Aus der 1. spraWIEN ist eine Kooperation mit dem UR:Journal entstanden. <\/p><\/div>\n\n<a style=\"font-style:normal;font-weight:500\" class=\"wp-elements-23 wp-block-read-more has-text-color has-secondary-color has-small-font-size has-body-font-family\" href=\"https:\/\/emerginglinguists.org\/en\/sprawien-wird-mit-dem-urjournal-zur-publikation\/\" target=\"_self\">Read more<span class=\"screen-reader-text\">: spraWIEN wird mit dem UR:Journal zur Publikation<\/span><\/a><\/div>\n<\/div>\n\n<\/li><\/ul><\/div>\n<\/div>","protected":false},"excerpt":{"rendered":"<p>Auf dieser Seite entsteht eine Sammlung von Nachrichten, Informationen, Tutorials, How-Tos sowie Geschichten, die dir beim Studium, nach dem Studium, bei der Berufswahl oder im Leben allgemein helfen k\u00f6nnen. Zudem findest du hier auch die aktuellsten Informationen aus unserem Verein. News von Emerging Linguists<\/p>","protected":false},"author":1,"featured_media":0,"parent":0,"menu_order":0,"comment_status":"closed","ping_status":"closed","template":"","meta":{"footnotes":"","_members_access_role":[],"_members_access_error":""},"class_list":["post-541","page","type-page","status-publish","hentry"],"_links":{"self":[{"href":"https:\/\/emerginglinguists.org\/en\/wp-json\/wp\/v2\/pages\/541","targetHints":{"allow":["GET"]}}],"collection":[{"href":"https:\/\/emerginglinguists.org\/en\/wp-json\/wp\/v2\/pages"}],"about":[{"href":"https:\/\/emerginglinguists.org\/en\/wp-json\/wp\/v2\/types\/page"}],"author":[{"embeddable":true,"href":"https:\/\/emerginglinguists.org\/en\/wp-json\/wp\/v2\/users\/1"}],"replies":[{"embeddable":true,"href":"https:\/\/emerginglinguists.org\/en\/wp-json\/wp\/v2\/comments?post=541"}],"version-history":[{"count":9,"href":"https:\/\/emerginglinguists.org\/en\/wp-json\/wp\/v2\/pages\/541\/revisions"}],"predecessor-version":[{"id":868,"href":"https:\/\/emerginglinguists.org\/en\/wp-json\/wp\/v2\/pages\/541\/revisions\/868"}],"wp:attachment":[{"href":"https:\/\/emerginglinguists.org\/en\/wp-json\/wp\/v2\/media?parent=541"}],"curies":[{"name":"wp","href":"https:\/\/api.w.org\/{rel}","templated":true}]}}