{"id":519,"date":"2024-12-09T17:46:38","date_gmt":"2024-12-09T16:46:38","guid":{"rendered":"https:\/\/emerginglinguists.org\/?page_id=519"},"modified":"2026-07-29T16:58:15","modified_gmt":"2026-07-29T14:58:15","slug":"team","status":"publish","type":"page","link":"https:\/\/emerginglinguists.org\/de\/team\/","title":{"rendered":"Team"},"content":{"rendered":"\n<p class=\"wp-block-paragraph\">Emerging Linguists ist ein Verein von und f\u00fcr Personen, die Sprachwissenschaft und verwandte Disziplinen studieren, sich f\u00fcr diese interessieren und begeistern. Unser Verein ist unhierarchisch strukturiert. Die Zuteilung zu bestimmten Verantwortungsbereichen wie Kommunikation, Vorstand und Kasse sowie in Positionen wie Vertretung und Vorst\u00e4nd:in sind eher kosmetischer Natur.&nbsp;<\/p>\n\n\n\n<div class=\"wp-block-group is-vertical is-layout-flex wp-container-core-group-is-layout-2fbf04c2 wp-block-group-is-layout-flex\">\n<div class=\"wp-block-group is-vertical is-layout-flex wp-container-core-group-is-layout-2fbf04c2 wp-block-group-is-layout-flex\">\n<div class=\"wp-block-group is-vertical is-layout-flex wp-container-core-group-is-layout-2fbf04c2 wp-block-group-is-layout-flex\">\n<div class=\"wp-block-group is-vertical is-layout-flex wp-container-core-group-is-layout-2fbf04c2 wp-block-group-is-layout-flex\">\n<div class=\"wp-block-media-text is-stacked-on-mobile\" style=\"grid-template-columns:32% auto\"><figure class=\"wp-block-media-text__media\"><img loading=\"lazy\" decoding=\"async\" width=\"1024\" height=\"1024\" src=\"https:\/\/emerginglinguists.org\/wp-content\/uploads\/2024\/03\/IMG_9841-2-2-1024x1024.jpg\" alt=\"\" class=\"wp-image-431 size-full\" srcset=\"https:\/\/emerginglinguists.org\/wp-content\/uploads\/2024\/03\/IMG_9841-2-2-1024x1024.jpg 1024w, https:\/\/emerginglinguists.org\/wp-content\/uploads\/2024\/03\/IMG_9841-2-2-300x300.jpg 300w, https:\/\/emerginglinguists.org\/wp-content\/uploads\/2024\/03\/IMG_9841-2-2-150x150.jpg 150w, https:\/\/emerginglinguists.org\/wp-content\/uploads\/2024\/03\/IMG_9841-2-2-768x768.jpg 768w, https:\/\/emerginglinguists.org\/wp-content\/uploads\/2024\/03\/IMG_9841-2-2-1536x1536.jpg 1536w, https:\/\/emerginglinguists.org\/wp-content\/uploads\/2024\/03\/IMG_9841-2-2-2048x2048.jpg 2048w, https:\/\/emerginglinguists.org\/wp-content\/uploads\/2024\/03\/IMG_9841-2-2-12x12.jpg 12w\" sizes=\"auto, (max-width: 1024px) 100vw, 1024px\" \/><\/figure><div class=\"wp-block-media-text__content\">\n<h3 class=\"wp-block-heading\"><strong>Laura Levstock<\/strong> <\/h3>\n\n\n\n<p class=\"wp-block-paragraph\">Hello! Ich bin Laura und ich studiere Angewandte Linguistik im Master. Nebenbei arbeite ich in der Organisationsentwicklung und als wissenschaftliche Mitarbeiterin. Mein Fokus liegt auf Diskursanalyse und Soziolinguistik und meine Hauptinteresse sind diskursiven Praktiken besonders in institutionellen Kontexten. Ein fun fact \u00fcber mich ist, dass ich wei\u00dft, wie man Schnackerl los wird.<\/p>\n\n\n\n<p class=\"wp-block-paragraph\">Du erreichst mich unter <a href=\"mailto:vorstehen@emerginglinguists.org\">vorstehen@emerginglinguists.org<\/a><\/p>\n<\/div><\/div>\n\n\n\n<div class=\"wp-block-media-text is-stacked-on-mobile\" style=\"grid-template-columns:32% auto\"><figure class=\"wp-block-media-text__media\"><img loading=\"lazy\" decoding=\"async\" width=\"973\" height=\"973\" src=\"https:\/\/emerginglinguists.org\/wp-content\/uploads\/2022\/12\/Emerging-Linguists_Rene.jpg\" alt=\"Emerging Linguists - Vorstehen - Ren\u00e9\" class=\"wp-image-78 size-full\" srcset=\"https:\/\/emerginglinguists.org\/wp-content\/uploads\/2022\/12\/Emerging-Linguists_Rene.jpg 973w, https:\/\/emerginglinguists.org\/wp-content\/uploads\/2022\/12\/Emerging-Linguists_Rene-300x300.jpg 300w, https:\/\/emerginglinguists.org\/wp-content\/uploads\/2022\/12\/Emerging-Linguists_Rene-150x150.jpg 150w, https:\/\/emerginglinguists.org\/wp-content\/uploads\/2022\/12\/Emerging-Linguists_Rene-768x768.jpg 768w, https:\/\/emerginglinguists.org\/wp-content\/uploads\/2022\/12\/Emerging-Linguists_Rene-250x250.jpg 250w, https:\/\/emerginglinguists.org\/wp-content\/uploads\/2022\/12\/Emerging-Linguists_Rene-640x640.jpg 640w\" sizes=\"auto, (max-width: 973px) 100vw, 973px\" \/><\/figure><div class=\"wp-block-media-text__content\">\n<h3 class=\"wp-block-heading\"><strong>Ren\u00e9 Foidl<\/strong><\/h3>\n\n\n\n<p class=\"wp-block-paragraph\">Holi. Mein Name ist Ren\u00e9. Ich habe Angewandte Linguistik im Master an der Universit\u00e4t Wien und E-Learning und Wissensmanagement an der HAW Burgenland studiert. Sprachenpolitik, GenKI in Sprachlehr- und Lernsettings, Diskurslinguistik, sowie digitale Medienp\u00e4dagogik sind meine Kernthemen. Als Produkt aller Erfahrungen und Begegnungen, die ich in meinem Leben machte und mache, liebe ich guten K\u00e4se.<\/p>\n\n\n\n<p class=\"wp-block-paragraph\">Du erreichst mich unter <a href=\"mailto:vorstehen@emerginglinguists.org\">vorstehen@emerginglinguists.org<\/a><\/p>\n<\/div><\/div>\n<\/div>\n\n\n\n<div class=\"wp-block-media-text is-stacked-on-mobile\" style=\"grid-template-columns:32% auto\"><figure class=\"wp-block-media-text__media\"><img loading=\"lazy\" decoding=\"async\" width=\"896\" height=\"849\" src=\"https:\/\/emerginglinguists.org\/wp-content\/uploads\/2025\/03\/Dina.jpg\" alt=\"\" class=\"wp-image-856 size-full\" srcset=\"https:\/\/emerginglinguists.org\/wp-content\/uploads\/2025\/03\/Dina.jpg 896w, https:\/\/emerginglinguists.org\/wp-content\/uploads\/2025\/03\/Dina-300x284.jpg 300w, https:\/\/emerginglinguists.org\/wp-content\/uploads\/2025\/03\/Dina-768x728.jpg 768w, https:\/\/emerginglinguists.org\/wp-content\/uploads\/2025\/03\/Dina-13x12.jpg 13w\" sizes=\"auto, (max-width: 896px) 100vw, 896px\" \/><\/figure><div class=\"wp-block-media-text__content\">\n<h3 class=\"wp-block-heading\"><strong>Dina Stankovi\u0107<\/strong><\/h3>\n\n\n\n<p class=\"wp-block-paragraph\">Hey! I hold a Bachelors degree in Russian language and literature and am currently finishing my masters in General linguistics. Simultaneously, I work as a research assistant at the Institute for Intercultural Communication at the Vienna University of Economics and Business. My focus lies in Slavic phonology, early language acquisition and conversation analysis in multicultural business settings. Like a true Balkan woman, I enjoy drinking coffee for hours&nbsp;on&nbsp;the&nbsp;sun.<\/p>\n\n\n\n<p class=\"wp-block-paragraph\">Du erreichst mich unter <a href=\"mailto:vorstehen@emerginglinguists.org\">schreiben@emerginglinguists.org<\/a><br><\/p>\n<\/div><\/div>\n\n\n\n<div class=\"wp-block-media-text is-stacked-on-mobile\" style=\"grid-template-columns:32% auto\"><figure class=\"wp-block-media-text__media\"><img loading=\"lazy\" decoding=\"async\" width=\"688\" height=\"713\" src=\"https:\/\/emerginglinguists.org\/wp-content\/uploads\/2026\/03\/Stefan.jpeg\" alt=\"\" class=\"wp-image-1000 size-full\" srcset=\"https:\/\/emerginglinguists.org\/wp-content\/uploads\/2026\/03\/Stefan.jpeg 688w, https:\/\/emerginglinguists.org\/wp-content\/uploads\/2026\/03\/Stefan-289x300.jpeg 289w, https:\/\/emerginglinguists.org\/wp-content\/uploads\/2026\/03\/Stefan-12x12.jpeg 12w\" sizes=\"auto, (max-width: 688px) 100vw, 688px\" \/><\/figure><div class=\"wp-block-media-text__content\">\n<h2 class=\"wp-block-heading\">Stefan Gst\u00f6ttenmayr<\/h2>\n\n\n\n<p class=\"wp-block-paragraph\">Hi! Ich bin Stefan und studiere Angewandte Linguistik und DaF\/Z im Master. Mein Schwerpunkt liegt auf Variationslinguistik, Soziolinguistik und Diskursanalyse. Ich arbeite als Office Manager an der FH Wien der WKW und Studienassistent an der Uni Wien. Spanien ist mein happy place und ich halte mich mit eindeutig zu vielen Espressi am Tag wach.<\/p>\n\n\n\n<p class=\"wp-block-paragraph\">Du erreichst mich unter <a href=\"mailto:vorstehen@emerginglinguists.org\">schreiben@emerginglinguists.org<\/a><\/p>\n<\/div><\/div>\n\n\n\n<div class=\"wp-block-media-text is-stacked-on-mobile\" style=\"grid-template-columns:32% auto\"><figure class=\"wp-block-media-text__media\"><img loading=\"lazy\" decoding=\"async\" width=\"370\" height=\"370\" src=\"https:\/\/emerginglinguists.org\/wp-content\/uploads\/2025\/03\/marina.png\" alt=\"\" class=\"wp-image-862 size-full\" srcset=\"https:\/\/emerginglinguists.org\/wp-content\/uploads\/2025\/03\/marina.png 370w, https:\/\/emerginglinguists.org\/wp-content\/uploads\/2025\/03\/marina-300x300.png 300w, https:\/\/emerginglinguists.org\/wp-content\/uploads\/2025\/03\/marina-150x150.png 150w, https:\/\/emerginglinguists.org\/wp-content\/uploads\/2025\/03\/marina-12x12.png 12w\" sizes=\"auto, (max-width: 370px) 100vw, 370px\" \/><\/figure><div class=\"wp-block-media-text__content\">\n<h3 class=\"wp-block-heading\"><strong>Marina Terskaia<\/strong><\/h3>\n\n\n\n<p class=\"wp-block-paragraph\">Hey! I am Marina. I hold a degree in Philology from a Russian university and have studied Linguistics and Transcultural Communication at the University of Vienna. Currently, I am pursuing a master\u2019s degree in Applied Linguistics. My research interests include multimodal discourse analysis, sociolinguistics, communal interpreting and propagandistic discursive practices. I love books way too much, which is why I can\u2019t leave a bookstore without picking up at least one. Ironically, it often ends up waiting on my shelf for years before I finally find time to read it.<\/p>\n\n\n\n<p class=\"wp-block-paragraph\">Du erreichst mich unter&nbsp;<a href=\"mailto:vorstehen@emerginglinguists.org\"><\/a><a href=\"mailto:vorstehen@emerginglinguists.org\">kassieren@emerginglinguists.org<\/a><\/p>\n<\/div><\/div>\n\n\n\n<div class=\"wp-block-media-text is-stacked-on-mobile\" style=\"grid-template-columns:32% auto\"><figure class=\"wp-block-media-text__media\"><img loading=\"lazy\" decoding=\"async\" width=\"1024\" height=\"1024\" src=\"https:\/\/emerginglinguists.org\/wp-content\/uploads\/2026\/03\/Janina-e1772548445852-1024x1024.jpeg\" alt=\"\" class=\"wp-image-1002 size-full\" srcset=\"https:\/\/emerginglinguists.org\/wp-content\/uploads\/2026\/03\/Janina-e1772548445852-1024x1024.jpeg 1024w, https:\/\/emerginglinguists.org\/wp-content\/uploads\/2026\/03\/Janina-e1772548445852-300x300.jpeg 300w, https:\/\/emerginglinguists.org\/wp-content\/uploads\/2026\/03\/Janina-e1772548445852-150x150.jpeg 150w, https:\/\/emerginglinguists.org\/wp-content\/uploads\/2026\/03\/Janina-e1772548445852-768x768.jpeg 768w, https:\/\/emerginglinguists.org\/wp-content\/uploads\/2026\/03\/Janina-e1772548445852-1536x1536.jpeg 1536w, https:\/\/emerginglinguists.org\/wp-content\/uploads\/2026\/03\/Janina-e1772548445852-2048x2048.jpeg 2048w, https:\/\/emerginglinguists.org\/wp-content\/uploads\/2026\/03\/Janina-e1772548445852-12x12.jpeg 12w\" sizes=\"auto, (max-width: 1024px) 100vw, 1024px\" \/><\/figure><div class=\"wp-block-media-text__content\">\n<h3 class=\"wp-block-heading\"><strong>Janina Deilke<\/strong><\/h3>\n\n\n\n<p class=\"wp-block-paragraph\">Hi! Ich bin Janina und forsche am Institut f\u00fcr Germanistik der Universit\u00e4t Innsbruck im Projekt IndeKS. Dort besch\u00e4ftige ich mich damit, wie Sprecher:innen Kommunikationsverben mit situativen Kontexten verkn\u00fcpfen. Mein Hintergrund liegt in der theoretischen und experimentellen Linguistik; besonders spannend finde ich es, analytische Strukturen mit empirischen Daten zusammenzubringen. Meine Forschungsinteressen reichen von empirischer Methodik \u00fcber Metapragmatik und Kognitionslinguistik bis hin zu Syntax und Fokusph\u00e4nomenen. Mein Lieblingswort ist \u00fcbrigens Kuddelmuddel \u2013 vielleicht, weil so viel Gutes oft genau damit beginnt.<\/p>\n\n\n\n<p class=\"wp-block-paragraph\">Du erreichst mich unter <a href=\"mailto:vorstehen@emerginglinguists.org\">kassieren@emerginglinguists.org<\/a><\/p>\n<\/div><\/div>\n\n\n\n<div class=\"wp-block-media-text is-stacked-on-mobile\" style=\"grid-template-columns:32% auto\"><figure class=\"wp-block-media-text__media\"><img loading=\"lazy\" decoding=\"async\" width=\"1024\" height=\"1024\" src=\"https:\/\/emerginglinguists.org\/wp-content\/uploads\/2026\/07\/Susanne-1024x1024.png\" alt=\"\" class=\"wp-image-1026 size-full\" srcset=\"https:\/\/emerginglinguists.org\/wp-content\/uploads\/2026\/07\/Susanne-1024x1024.png 1024w, https:\/\/emerginglinguists.org\/wp-content\/uploads\/2026\/07\/Susanne-300x300.png 300w, https:\/\/emerginglinguists.org\/wp-content\/uploads\/2026\/07\/Susanne-150x150.png 150w, https:\/\/emerginglinguists.org\/wp-content\/uploads\/2026\/07\/Susanne-768x768.png 768w, https:\/\/emerginglinguists.org\/wp-content\/uploads\/2026\/07\/Susanne-12x12.png 12w, https:\/\/emerginglinguists.org\/wp-content\/uploads\/2026\/07\/Susanne.png 1200w\" sizes=\"auto, (max-width: 1024px) 100vw, 1024px\" \/><\/figure><div class=\"wp-block-media-text__content\">\n<h3 class=\"wp-block-heading\"><strong>Susanne Schmalwieser<\/strong><\/h3>\n\n\n\n<p class=\"wp-block-paragraph\">Hello, my name is Susanne, I recently completed my Master&#8217;s in German Studies and am currently writing my second master&#8217;s thesis in Digital Humanities. My main research interests include discourse analysis, political language, social media research as well as Science and Technology Studies. I also work as a communications manager for a Viennese publishing company. Besides that, I enjoy literary writing, spending time outdoors, and travelling wherever I can watch the sun set over the sea.<\/p>\n\n\n\n<p class=\"wp-block-paragraph\">Du erreichst mich unter <a href=\"mailto:bloggen@emerginglinguists.org\" data-type=\"mailto\" data-id=\"mailto:bloggen@emerginglinguists.org\">bloggen@emerginglinguists.org<\/a><\/p>\n<\/div><\/div>\n<\/div>\n\n\n\n<div class=\"wp-block-group is-vertical is-layout-flex wp-container-core-group-is-layout-2fbf04c2 wp-block-group-is-layout-flex\">\n<div class=\"wp-block-media-text is-stacked-on-mobile\" style=\"grid-template-columns:33% auto\"><figure class=\"wp-block-media-text__media\"><img loading=\"lazy\" decoding=\"async\" width=\"1024\" height=\"1024\" src=\"https:\/\/emerginglinguists.org\/wp-content\/uploads\/2024\/04\/Hanna-2-1024x1024.jpeg\" alt=\"\" class=\"wp-image-447 size-full\" srcset=\"https:\/\/emerginglinguists.org\/wp-content\/uploads\/2024\/04\/Hanna-2-1024x1024.jpeg 1024w, https:\/\/emerginglinguists.org\/wp-content\/uploads\/2024\/04\/Hanna-2-300x300.jpeg 300w, https:\/\/emerginglinguists.org\/wp-content\/uploads\/2024\/04\/Hanna-2-150x150.jpeg 150w, https:\/\/emerginglinguists.org\/wp-content\/uploads\/2024\/04\/Hanna-2-768x768.jpeg 768w, https:\/\/emerginglinguists.org\/wp-content\/uploads\/2024\/04\/Hanna-2-12x12.jpeg 12w, https:\/\/emerginglinguists.org\/wp-content\/uploads\/2024\/04\/Hanna-2.jpeg 1192w\" sizes=\"auto, (max-width: 1024px) 100vw, 1024px\" \/><\/figure><div class=\"wp-block-media-text__content\">\n<h3 class=\"wp-block-heading\"><strong>Anna-Hannah<\/strong><\/h3>\n\n\n\n<p class=\"wp-block-paragraph\">Mein Name ist Anna-Hannah, aber jeder nennt mich Hanni, denn wer hat schon einen Doppelnamen, der quasi zwei Mal der gleiche Name mit minimaler Abweichung ist? Ich habe einen BA in Franz\u00f6sischer Romanistik und stehe kurz vor meinem Magister-Abschluss der Rechtswissenschaften am Juridicum Wien. Kultur, Kunst, Jus und vor allem Sprachen und B\u00fccher bilden die perfekte Mischung meines Alltags, den ich abwechselnd in \u00d6sterreich und Frankreich verbringe.<\/p>\n\n\n\n<p class=\"wp-block-paragraph\">Du erreichst mich unter <a href=\"mailto:vorstehen@emerginglinguists.org\">pruefen@emerginglinguists.org<\/a><\/p>\n<\/div><\/div>\n<\/div>\n<\/div>\n<\/div>\n\n\n\n<p class=\"wp-block-paragraph\"><\/p>\n\n\n\n<h3 class=\"wp-block-heading\">Unsere<strong> ehemaligen Vorstandsmitglieder<\/strong><\/h3>\n\n\n\n<p class=\"wp-block-paragraph\"><strong>Nikola Tomasevic <\/strong>(Vorstandsmitglied von April 2022 &#8211; Februar 2026)<\/p>\n\n\n\n<p class=\"wp-block-paragraph\"><strong>David Ko\u0161i\u0107 <\/strong>(Vorstandsmitglied von Februar 2024 &#8211; April 2025)<\/p>\n\n\n\n<p class=\"wp-block-paragraph\"><strong>Franz Schmid<\/strong> (Vorstandsmitglied von April 2022 &#8211; Januar 2024)<\/p>\n","protected":false},"excerpt":{"rendered":"<p>Emerging Linguists ist ein Verein von und f\u00fcr Personen, die Sprachwissenschaft und verwandte Disziplinen studieren, sich f\u00fcr diese interessieren und begeistern. Unser Verein ist unhierarchisch strukturiert. Die Zuteilung zu bestimmten Verantwortungsbereichen wie Kommunikation, Vorstand und Kasse sowie in Positionen wie Vertretung und Vorst\u00e4nd:in sind eher kosmetischer Natur.&nbsp; Laura Levstock Hello! Ich bin Laura und ich [&hellip;]<\/p>\n","protected":false},"author":1,"featured_media":0,"parent":0,"menu_order":0,"comment_status":"closed","ping_status":"closed","template":"","meta":{"footnotes":"","_members_access_role":[],"_members_access_error":""},"class_list":["post-519","page","type-page","status-publish","hentry"],"_links":{"self":[{"href":"https:\/\/emerginglinguists.org\/de\/wp-json\/wp\/v2\/pages\/519","targetHints":{"allow":["GET"]}}],"collection":[{"href":"https:\/\/emerginglinguists.org\/de\/wp-json\/wp\/v2\/pages"}],"about":[{"href":"https:\/\/emerginglinguists.org\/de\/wp-json\/wp\/v2\/types\/page"}],"author":[{"embeddable":true,"href":"https:\/\/emerginglinguists.org\/de\/wp-json\/wp\/v2\/users\/1"}],"replies":[{"embeddable":true,"href":"https:\/\/emerginglinguists.org\/de\/wp-json\/wp\/v2\/comments?post=519"}],"version-history":[{"count":15,"href":"https:\/\/emerginglinguists.org\/de\/wp-json\/wp\/v2\/pages\/519\/revisions"}],"predecessor-version":[{"id":1027,"href":"https:\/\/emerginglinguists.org\/de\/wp-json\/wp\/v2\/pages\/519\/revisions\/1027"}],"wp:attachment":[{"href":"https:\/\/emerginglinguists.org\/de\/wp-json\/wp\/v2\/media?parent=519"}],"curies":[{"name":"wp","href":"https:\/\/api.w.org\/{rel}","templated":true}]}}